{"id":133,"date":"2023-02-06T09:18:03","date_gmt":"2023-02-06T09:18:03","guid":{"rendered":"https:\/\/helmutpatzer.it9cloud.ch\/?page_id=133"},"modified":"2025-09-12T13:18:52","modified_gmt":"2025-09-12T13:18:52","slug":"logotherapie-in-aktion","status":"publish","type":"page","link":"https:\/\/www.logotherapie-bodensee.ch\/?page_id=133","title":{"rendered":"Logotherapie in Aktion"},"content":{"rendered":"\n<p class=\"has-large-font-size\"><strong>Praxisfelder und Wirkungsweisen der sinnzentrierten P\u00e4dagogik<\/strong><\/p>\n\n\n\n<div class=\"wp-block-columns is-layout-flex wp-container-core-columns-is-layout-9d6595d7 wp-block-columns-is-layout-flex\">\n<div class=\"wp-block-column is-layout-flow wp-block-column-is-layout-flow\"><div class=\"wp-block-image\">\n<figure class=\"aligncenter size-full is-resized\"><img loading=\"lazy\" decoding=\"async\" width=\"1000\" height=\"609\" src=\"https:\/\/helmutpatzer.it9cloud.ch\/wp-content\/uploads\/2023\/02\/book.png\" alt=\"\" class=\"wp-image-122\" style=\"width:241px;height:auto\" srcset=\"https:\/\/www.logotherapie-bodensee.ch\/wp-content\/uploads\/2023\/02\/book.png 1000w, https:\/\/www.logotherapie-bodensee.ch\/wp-content\/uploads\/2023\/02\/book-300x183.png 300w, https:\/\/www.logotherapie-bodensee.ch\/wp-content\/uploads\/2023\/02\/book-768x468.png 768w\" sizes=\"auto, (max-width: 1000px) 100vw, 1000px\" \/><figcaption class=\"wp-element-caption\"> <\/figcaption><\/figure>\n<\/div>\n\n\n<h3 class=\"wp-block-heading has-text-align-center\"><strong><strong>\u201eBegeisterung f\u00fcrs Leben\u201c<\/strong><\/strong><\/h3>\n\n\n\n<p>Die Kraft deiner Gedanken&nbsp; <strong>von Uwe B\u00f6schemeyer, <\/strong>Ellert &amp; Richter Verlag,&nbsp; <strong>ISBN <\/strong>&nbsp;&nbsp;978-3-8319-0529-4. Wir \u201esehen\u201c nur wenig von dem, was die Gedanken in uns und anderen bewegen. Dabei sind Gedanken eine Grossmacht. <\/p>\n\n\n\n<p>Sie nehmen Einfluss auf unsere Gef\u00fchle, unsere Entscheidungen und unser Handeln. Sich selbst kennen und in schlechten wie in guten Zeiten selbstsicher bejahen, auch allein gl\u00fccklich sein k\u00f6nnen, den Sinn im eigenen Leben erkennen und andere Menschen vorurteilsfrei annehmen \u2013 der Schl\u00fcssel dazu liegt allein in uns und unserer Einstellung. Das Leben ist und bleibt polar, es wird stets H\u00f6hen und Tiefen geben, aber die entscheidende Frage ist die des Umgangs mit ihnen. <\/p>\n\n\n\n<p><strong>Uwe B\u00f6schemeyer<\/strong> gibt in seinen Texten \u201e Die Kraft deiner Gedanken\u201c, \u201eSinn f\u00fcr mein Leben finden\u201c, \u201eSich selbst bejahen\u201c, \u201eDie Sprache der Tr\u00e4ume\u201c, \u201eIch verstehe dich, du verstehst mich\u201c und \u201eAllein leben\u201c wertvolle Anregungen, die uns in den verschiedensten Lebensbereichen bef\u00e4higen, so gut wie m\u00f6glich mit unseren Gedanken umzugehen, negativ in positive zu verwandeln und damit den Sinn in unserem Leben zu erkennen. Er ermutigt einen jeden, sich den Fragen des Lebens zu stellen, um wieder Raum f\u00fcr eigene Entscheidungen, f\u00fcr neue Begeisterung zu gewinnen \u2013 fundierter Rat zum Gl\u00fccklichsein.<\/p>\n<\/div>\n\n\n\n<div class=\"wp-block-column is-layout-flow wp-block-column-is-layout-flow\"><div class=\"wp-block-image\">\n<figure class=\"aligncenter size-full is-resized\"><img loading=\"lazy\" decoding=\"async\" width=\"1000\" height=\"609\" src=\"https:\/\/helmutpatzer.it9cloud.ch\/wp-content\/uploads\/2023\/02\/book.png\" alt=\"\" class=\"wp-image-122\" style=\"width:229px;height:auto\" srcset=\"https:\/\/www.logotherapie-bodensee.ch\/wp-content\/uploads\/2023\/02\/book.png 1000w, https:\/\/www.logotherapie-bodensee.ch\/wp-content\/uploads\/2023\/02\/book-300x183.png 300w, https:\/\/www.logotherapie-bodensee.ch\/wp-content\/uploads\/2023\/02\/book-768x468.png 768w\" sizes=\"auto, (max-width: 1000px) 100vw, 1000px\" \/><figcaption class=\"wp-element-caption\"> <\/figcaption><\/figure>\n<\/div>\n\n\n<h3 class=\"wp-block-heading has-text-align-center\"><strong>Nicht nur \u201esein d\u00fcrfen\u201c<\/strong><\/h3>\n\n\n\n<p>In diesem spannenden Buch von <strong>Otto Zsok,<\/strong> K\u00f6sel \u2013 Verlag 2002&nbsp; <strong>&nbsp;ISBN <\/strong>&nbsp;3-466-36611-9.&nbsp; \u201e Nicht nur \u201esein d\u00fcrfen\u201c, sondern auch \u201esein sollen\u201c!&nbsp; Dieses Praxisbuch beleuchtet den Wirkungskreis, die Einsatzgebiete, die lebensberatenden und therapeutischen M\u00f6glichkeiten der Logotherapie:&nbsp; <\/p>\n\n\n\n<p>Kompetente Vertreterinnen und Vertreter stellen \u00fcber viele Praxisbeispiele die grosse Reichweite dieser auf den Sinn konzentrierten Lebensphilosophie und wahrhaft humanen Seelenheilkunde vor. <\/p>\n\n\n\n<p><strong>Einige Themen<\/strong>: Umgang mit Sinnkrisen, Zielgerichtetes therapeutisches Arbeiten, Bew\u00e4ltigung von Angst, Erfahrung neuen Vertrauens, Psychosomatik, Selbsterfahrung, Suchtkrankheit und das Werk von Elisabeth Lukas\u201c.<\/p>\n<\/div>\n<\/div>\n\n\n\n<div class=\"wp-block-columns is-layout-flex wp-container-core-columns-is-layout-9d6595d7 wp-block-columns-is-layout-flex\">\n<div class=\"wp-block-column is-layout-flow wp-block-column-is-layout-flow\"><div class=\"wp-block-image\">\n<figure class=\"aligncenter size-full is-resized\"><img loading=\"lazy\" decoding=\"async\" width=\"1000\" height=\"609\" src=\"https:\/\/helmutpatzer.it9cloud.ch\/wp-content\/uploads\/2023\/02\/book.png\" alt=\"\" class=\"wp-image-122\" style=\"width:237px;height:auto\" srcset=\"https:\/\/www.logotherapie-bodensee.ch\/wp-content\/uploads\/2023\/02\/book.png 1000w, https:\/\/www.logotherapie-bodensee.ch\/wp-content\/uploads\/2023\/02\/book-300x183.png 300w, https:\/\/www.logotherapie-bodensee.ch\/wp-content\/uploads\/2023\/02\/book-768x468.png 768w\" sizes=\"auto, (max-width: 1000px) 100vw, 1000px\" \/><figcaption class=\"wp-element-caption\"> <\/figcaption><\/figure>\n<\/div>\n\n\n<h3 class=\"wp-block-heading has-text-align-center\"><strong><strong>\u201eZeiten der Entscheidung\u201c<\/strong><\/strong><\/h3>\n\n\n\n<p>Interessante Lebensbeispiele f\u00fcr Eltern, Erziehung, Schule und Gesellschaft finden Sie in dem Buch von <strong>Viktor E. Frankl<\/strong>&nbsp; \u201eZeiten der Entscheidung\u201c, herausgegeben von Elisabeth Lukas im Verlag Herder 1996,&nbsp; <strong>ISBN: <\/strong>3-451-04475-7.&nbsp; \u201eDer Wille zum Sinn ver\u00e4ndert das Leben. <\/p>\n\n\n\n<p>Die geistige Dimension des Menschen, seine Freiheit und Verantwortung, sind lebensentscheidend, trotz biologischer, psychologischer und soziologischer Einflussfaktoren. Inwieweit wir den Spielraum unserer pers\u00f6nlichen Freiheit und Verantwortung nutzen, h\u00e4ngt von unseren Entscheidungen ab, die oft schon sehr fr\u00fch getroffen werden, aber jederzeit revidierbar sind. <\/p>\n\n\n\n<p>Das ist das Hoffnungsvolle und Ermutigende an der von Frankl begr\u00fcndeten und ausformulierten Logotherapie. <strong>Ihre Botschaft lautet:<\/strong> Der Mensch hat in jeder Lebenssituation einen gewissen Spielraum, die allzu engen Zw\u00e4nge und Bedingtheiten zu \u00fcberschreiten und neue Lebensm\u00f6glichkeiten&nbsp; zu finden\u201c. Ein entscheidender und lebenswichtiger Grundsatz ist, dass bei s\u00e4mtlichen Entscheidungen&nbsp; \u201eFreiheit und Verantwortung \u201e zusammengeh\u00f6ren.<\/p>\n<\/div>\n\n\n\n<div class=\"wp-block-column is-layout-flow wp-block-column-is-layout-flow\"><div class=\"wp-block-image\">\n<figure class=\"aligncenter size-full is-resized\"><img loading=\"lazy\" decoding=\"async\" width=\"1000\" height=\"609\" src=\"https:\/\/helmutpatzer.it9cloud.ch\/wp-content\/uploads\/2023\/02\/book.png\" alt=\"\" class=\"wp-image-122\" style=\"width:239px;height:auto\" srcset=\"https:\/\/www.logotherapie-bodensee.ch\/wp-content\/uploads\/2023\/02\/book.png 1000w, https:\/\/www.logotherapie-bodensee.ch\/wp-content\/uploads\/2023\/02\/book-300x183.png 300w, https:\/\/www.logotherapie-bodensee.ch\/wp-content\/uploads\/2023\/02\/book-768x468.png 768w\" sizes=\"auto, (max-width: 1000px) 100vw, 1000px\" \/><figcaption class=\"wp-element-caption\"> <\/figcaption><\/figure>\n<\/div>\n\n\n<h3 class=\"wp-block-heading has-text-align-center\"><strong><strong>\u201eMut zum Leben machen\u201c<\/strong><\/strong><\/h3>\n\n\n\n<p><strong>\u201eMut zum Leben machen\u201c,<\/strong> Selbstwertgef\u00fchl und Pers\u00f6nlichkeit von Kindern und Jugendlichen st\u00e4rken, eine mutige Brosch\u00fcre von <strong>Boglarka Hadinger<\/strong>, im Verlag Lebenskunst, m\u00f6chte ich hiermit empfehlen. <\/p>\n\n\n\n<p>Es ist gar nicht so schwer, Kinder auf dem Weg zu ihrer Pers\u00f6nlichkeitswerdung zu begleiten. Einerseits entwickelt sich vieles ohne unser Zutun aufgrund der besonderen Anlagen eines Kindes. Und wenn wir genauer hinsehen, dann k\u00f6nnen wir diese Anlagen auch genauer wahrnehmen und deren Entfaltung wohlwollend unterst\u00fctzen. Andererseits stellt sich nat\u00fcrlich die Frage: Was k\u00f6nnen wir als Erzieher&nbsp;&nbsp;&nbsp;&nbsp;&nbsp; tun oder unterlassen, damit unsere Kinder zu Pers\u00f6nlichkeiten werden? <\/p>\n\n\n\n<p>Damit sie gem\u00e4ss dem Leitsatz der Vereinten Nationen \u201eeinst mit Stolz den Namen \u201eMensch\u201c tragen\u201c?&nbsp; Die Begleitung eines Kindes wird gelingen, wenn wir jene Spielregeln kennenlernen, die die seelische Gesundheit eines kleinen Menschen langfristig f\u00f6rdern. Im vorliegenden Buch finden Sie die Spielregeln.&nbsp;&nbsp;&nbsp; <strong>ISBN<\/strong>&nbsp; 3-9803664-5-6<\/p>\n<\/div>\n<\/div>\n\n\n\n<div class=\"wp-block-columns is-layout-flex wp-container-core-columns-is-layout-9d6595d7 wp-block-columns-is-layout-flex\">\n<div class=\"wp-block-column is-layout-flow wp-block-column-is-layout-flow\"><div class=\"wp-block-image\">\n<figure class=\"aligncenter size-full is-resized\"><img loading=\"lazy\" decoding=\"async\" width=\"1000\" height=\"609\" src=\"https:\/\/helmutpatzer.it9cloud.ch\/wp-content\/uploads\/2023\/02\/book.png\" alt=\"\" class=\"wp-image-122\" style=\"width:221px;height:auto\" srcset=\"https:\/\/www.logotherapie-bodensee.ch\/wp-content\/uploads\/2023\/02\/book.png 1000w, https:\/\/www.logotherapie-bodensee.ch\/wp-content\/uploads\/2023\/02\/book-300x183.png 300w, https:\/\/www.logotherapie-bodensee.ch\/wp-content\/uploads\/2023\/02\/book-768x468.png 768w\" sizes=\"auto, (max-width: 1000px) 100vw, 1000px\" \/><figcaption class=\"wp-element-caption\"> <\/figcaption><\/figure>\n<\/div>\n\n\n<h3 class=\"wp-block-heading has-text-align-center\"><strong><strong><strong>\u201eDas Leben meint uns\u201c<\/strong><\/strong><\/strong><\/h3>\n\n\n\n<p><strong>\u201eDas Leben meint uns\u201c, <\/strong>111 Ermutigungen f\u00fcr Paare, ein lesenswertes Buch von <strong>Uwe B\u00f6schemeyer <\/strong>im Piper Verlag, <strong>ISBN<\/strong>&nbsp; 3-492-04406-9.&nbsp; \u201eDie meisten Menschen sehnen sich zwar nach einer Partnerschaft, doch wenn sie sie erleben, sind viele von ihr entt\u00e4uscht. Daf\u00fcr gibt es eine Reihe von Gr\u00fcnden. <\/p>\n\n\n\n<p>Eine der Hauptgr\u00fcnde liegt zweifellos im Mangel an Kenntnis dessen, was eine gute Partnerschaft braucht. Alles Leben ist vom Wechselspiel polarer Strukturen bestimmt. Wir w\u00fcrden nie Positives erleben, wenn es nicht Negatives g\u00e4be. Alles Gegens\u00e4tzliche bedingt sich, geh\u00f6rt zusammen, ist im Grunde eine Einheit.&nbsp; <\/p>\n\n\n\n<p>Der Menschenkenner <strong>C.G. Jung <\/strong>hat einmal gesagt, die meisten seelischen und k\u00f6rperlichen St\u00f6rungen seien Leiden der Seele, die ihren Sinn nicht gefunden habe. Die Praxis zeigt, dass dieser Satz stimmt. Und deshalb sind St\u00f6rungen, gleich welcher Art, Herausforderungen zur Suche nach einem gelingenden und daher sinnvollen Leben.<\/p>\n<\/div>\n\n\n\n<div class=\"wp-block-column is-layout-flow wp-block-column-is-layout-flow\"><div class=\"wp-block-image\">\n<figure class=\"aligncenter size-full is-resized\"><img loading=\"lazy\" decoding=\"async\" width=\"1000\" height=\"609\" src=\"https:\/\/helmutpatzer.it9cloud.ch\/wp-content\/uploads\/2023\/02\/book.png\" alt=\"\" class=\"wp-image-122\" style=\"width:227px;height:auto\" srcset=\"https:\/\/www.logotherapie-bodensee.ch\/wp-content\/uploads\/2023\/02\/book.png 1000w, https:\/\/www.logotherapie-bodensee.ch\/wp-content\/uploads\/2023\/02\/book-300x183.png 300w, https:\/\/www.logotherapie-bodensee.ch\/wp-content\/uploads\/2023\/02\/book-768x468.png 768w\" sizes=\"auto, (max-width: 1000px) 100vw, 1000px\" \/><figcaption class=\"wp-element-caption\"> <\/figcaption><\/figure>\n<\/div>\n\n\n<h3 class=\"wp-block-heading has-text-align-center\"><strong><strong><strong>\u201eKinder brauchen gute Eltern\u201c<\/strong><\/strong><\/strong><\/h3>\n\n\n\n<p><strong>Ruth Dirx <\/strong>\u201eKinder brauchen gute Eltern\u201c, Das Buch f\u00fcr M\u00fctter und V\u00e4ter, 1970 &#8211;&nbsp; Econ Verlag \u2013 D\u00fcsseldorf \u2013 Wien &#8211; ISBN&nbsp; 3- 430- 12100- 0.<\/p>\n\n\n\n<p>Ruth Dirx&nbsp; zeigt anhand zahlreicher allt\u00e4glicher Beispiele, welche Fehler bei der Erziehung immer wieder gemacht werden. Sie schildert aufgrund konkreter Erfahrungen, was wir aus ihnen lernen k\u00f6nnen, um unsere Kinder- als verst\u00e4ndnisvoller Freund und Helfer \u2013 auf das ungleich differenzierte und kompliziertere Leben in der Welt von morgen sinnvoll vorzubereiten. \u201eSie wollen unser Bestes, so sagen sie wenigstens immer\u201c, schreibt ein Elfj\u00e4hriger \u00fcber seine Eltern. Was aber ist denn eigentlich das Beste?<\/p>\n<\/div>\n<\/div>\n\n\n\n<div class=\"wp-block-columns is-layout-flex wp-container-core-columns-is-layout-9d6595d7 wp-block-columns-is-layout-flex\">\n<div class=\"wp-block-column is-layout-flow wp-block-column-is-layout-flow\"><div class=\"wp-block-image\">\n<figure class=\"aligncenter size-full is-resized\"><img loading=\"lazy\" decoding=\"async\" width=\"1000\" height=\"609\" src=\"https:\/\/helmutpatzer.it9cloud.ch\/wp-content\/uploads\/2023\/02\/book.png\" alt=\"\" class=\"wp-image-122\" style=\"width:229px;height:auto\" srcset=\"https:\/\/www.logotherapie-bodensee.ch\/wp-content\/uploads\/2023\/02\/book.png 1000w, https:\/\/www.logotherapie-bodensee.ch\/wp-content\/uploads\/2023\/02\/book-300x183.png 300w, https:\/\/www.logotherapie-bodensee.ch\/wp-content\/uploads\/2023\/02\/book-768x468.png 768w\" sizes=\"auto, (max-width: 1000px) 100vw, 1000px\" \/><figcaption class=\"wp-element-caption\"> <\/figcaption><\/figure>\n<\/div>\n\n\n<h3 class=\"wp-block-heading has-text-align-center\"><strong><strong><strong><strong>\u201eKinderfehler \u2013 Erzieherfehler\u201c<\/strong><\/strong><\/strong><\/strong><\/h3>\n\n\n\n<p>1969 \u2013 Verlag Hans Huber &#8211;&nbsp; Bern &#8211; Stuttgart \u2013 Wien.&nbsp; Die vorliegende Schrift des bekannten Heilp\u00e4dagogen handelt von der praktischen Erziehung des Alltags. <\/p>\n\n\n\n<p>Sie gibt nicht nur Anweisungen,&nbsp; wie man mit den allt\u00e4glichen Erziehungsschwierigkeiten fertig werden k\u00f6nne, sondern will auf das hinf\u00fchren, was immer und \u00fcberall p\u00e4dagogisch notwendig ist. <\/p>\n\n\n\n<p>Durch alles hindurch aber zieht sich wie ein roter Faden der meist unausgesprochene, aber nicht \u00fcberh\u00f6rbare Appell an die Selbsterziehung des Erziehers, f\u00fcr welche die gleichen Notwendigkeiten des Kindes gelten.<\/p>\n<\/div>\n\n\n\n<div class=\"wp-block-column is-layout-flow wp-block-column-is-layout-flow\"><div class=\"wp-block-image\">\n<figure class=\"aligncenter size-full is-resized\"><img loading=\"lazy\" decoding=\"async\" width=\"1000\" height=\"609\" src=\"https:\/\/helmutpatzer.it9cloud.ch\/wp-content\/uploads\/2023\/02\/book.png\" alt=\"\" class=\"wp-image-122\" style=\"width:233px;height:auto\" srcset=\"https:\/\/www.logotherapie-bodensee.ch\/wp-content\/uploads\/2023\/02\/book.png 1000w, https:\/\/www.logotherapie-bodensee.ch\/wp-content\/uploads\/2023\/02\/book-300x183.png 300w, https:\/\/www.logotherapie-bodensee.ch\/wp-content\/uploads\/2023\/02\/book-768x468.png 768w\" sizes=\"auto, (max-width: 1000px) 100vw, 1000px\" \/><figcaption class=\"wp-element-caption\"> <\/figcaption><\/figure>\n<\/div>\n\n\n<h3 class=\"wp-block-heading has-text-align-center\"><strong><strong><strong><strong>\u201eBabyjahre\u201c<\/strong><\/strong><\/strong><\/strong><\/h3>\n\n\n\n<p><strong>Remo H. Largo \u201e Babyjahre\u201c&nbsp; <\/strong>1993 \u2013 Carlsen Verlag \u2013 Hamburg &#8211;&nbsp; <strong>ISBN&nbsp; <\/strong>3-551-85007-0. Der erfahrende Kinderarzt beschreibt detailliert und in einer f\u00fcr Laien verst\u00e4ndlichen Sprache Ablauf und Variabilit\u00e4t der kindlichen Entwicklung von den ersten vorgeburtlichen Stadien bis in das zweite Lebensjahr. <\/p>\n\n\n\n<p>Dies schult die Wahrnehmung der Erziehenden, hilft ihnen, kindliches Verhalten besser einzusch\u00e4tzen, und bef\u00e4higt sie zu einem entwicklungsgerechten Umgang mit Kindern. <\/p>\n\n\n\n<p>Anstelle von \u00fcberlieferten Grundhaltungen und festgef\u00fcgten Rastgeberkonzepten, die den individuellen Bed\u00fcrfnissen des Kleinkindes kaum je gerecht werden, schildert er anschaulich und anhand zahlreicher Beispiele die altersabh\u00e4ngige und von Kind zu Kind sehr unterschiedliche Entfaltung der menschlichen F\u00e4higkeiten.<\/p>\n<\/div>\n<\/div>\n\n\n\n<div class=\"wp-block-columns is-layout-flex wp-container-core-columns-is-layout-9d6595d7 wp-block-columns-is-layout-flex\">\n<div class=\"wp-block-column is-layout-flow wp-block-column-is-layout-flow\"><div class=\"wp-block-image\">\n<figure class=\"aligncenter size-full is-resized\"><img loading=\"lazy\" decoding=\"async\" width=\"1000\" height=\"609\" src=\"https:\/\/helmutpatzer.it9cloud.ch\/wp-content\/uploads\/2023\/02\/book.png\" alt=\"\" class=\"wp-image-122\" style=\"width:228px;height:auto\" srcset=\"https:\/\/www.logotherapie-bodensee.ch\/wp-content\/uploads\/2023\/02\/book.png 1000w, https:\/\/www.logotherapie-bodensee.ch\/wp-content\/uploads\/2023\/02\/book-300x183.png 300w, https:\/\/www.logotherapie-bodensee.ch\/wp-content\/uploads\/2023\/02\/book-768x468.png 768w\" sizes=\"auto, (max-width: 1000px) 100vw, 1000px\" \/><figcaption class=\"wp-element-caption\"> <\/figcaption><\/figure>\n<\/div>\n\n\n<h3 class=\"wp-block-heading has-text-align-center\"><strong><strong><strong><strong><strong>\u201eKinderjahre\u201c<\/strong><\/strong><\/strong><\/strong><\/strong><\/h3>\n\n\n\n<p><strong>Remo H. Largo \u201eKinderjahre\u201c&nbsp; <\/strong>1999 \u2013 Piper Verlag \u2013 M\u00fcnchen \u2013 <strong>ISBN <\/strong>&nbsp;3-492-04110-8. Die Individualit\u00e4t des Kindes als erzieherische Herausforderung. Wie man Kinder fit f\u00fcr ihr Leben&nbsp; macht, ihnen hilft, im Einklang mit ihrer Umwelt zu leben \u2013 das zeigt Professor Largo in diesem Buch. Er f\u00fchrt anhand zahlreicher Fallbeispiele anschaulich durch die entscheidenden Jahre zwischen dem Kleinkindalter und der Schwelle des Erwachsenseins. Wie entsteht die Individualit\u00e4t des Kindes? <\/p>\n\n\n\n<p>Welche Rolle spielen Anlage und Umwelt? Wann \u2013 und wie \u2013 k\u00f6nnen Eltern die biologische Entwicklung ihres Kindes unterst\u00fctzen. <strong>Seite&nbsp; 220<\/strong>&nbsp; \u201eOhne die Bereitschaft des Kindes zur Nachahmung w\u00e4re seine Sozialisation nicht m\u00f6glich. Das Vorbild ist in der Erziehung \u00e4usserst wichtig. Wenn sich das Kind am Verhalten der Eltern und Geschwister orientieren kann, wird es mit wenig Aufwand und in k\u00fcrzester Zeit trocken und sauber werden\u201c.<\/p>\n\n\n\n<p><strong>Seite 228 <\/strong>&nbsp;\u201eIn jeder Entwicklungsperiode reifen bestimmte F\u00e4higkeiten heran, die sich das Kind durch konkrete Erfahrungen aneignet. <\/p>\n\n\n\n<p><strong>Der Sinn<\/strong> des kindlichen Lernens liegt nicht im Endprodukt, sondern im Lernprozess selbst. Umwege, Fehlschl\u00e4ge und Entt\u00e4uschungen geh\u00f6ren ebenso zur Lernerfahrung wie der Erfolg. <strong>Sinnvolles Lernen<\/strong> zeichnet sich durch Eigenkontrolle und Selbstbestimmung aus\u201c.<\/p>\n<\/div>\n<\/div>\n\n\n\n<blockquote class=\"wp-block-quote is-layout-flow wp-block-quote-is-layout-flow\">\n<p class=\"has-medium-font-size\"><strong>Die Schweizerische Gesellschaft<\/strong> f\u00fcr Logotherapie und Existenzanalyse hat in ihrer Zeitschrift 2018 \u2013 2, das neue Lehrangebot&nbsp; zur Logop\u00e4dagogik im Institut&nbsp; ausf\u00fchrlich vorgestellt und 2020 \u2013 2 den Humor als Heilkraft beschrieben. Alle Jahreszeitschriften sind im Institut in Chur erh\u00e4ltlich.<\/p>\n<\/blockquote>\n\n\n\n<div class=\"wp-block-columns is-layout-flex wp-container-core-columns-is-layout-9d6595d7 wp-block-columns-is-layout-flex\">\n<div class=\"wp-block-column is-layout-flow wp-block-column-is-layout-flow\"><div class=\"wp-block-image\">\n<figure class=\"aligncenter size-full is-resized\"><img loading=\"lazy\" decoding=\"async\" width=\"1000\" height=\"609\" src=\"https:\/\/helmutpatzer.it9cloud.ch\/wp-content\/uploads\/2023\/02\/book.png\" alt=\"\" class=\"wp-image-122\" style=\"width:221px;height:auto\" srcset=\"https:\/\/www.logotherapie-bodensee.ch\/wp-content\/uploads\/2023\/02\/book.png 1000w, https:\/\/www.logotherapie-bodensee.ch\/wp-content\/uploads\/2023\/02\/book-300x183.png 300w, https:\/\/www.logotherapie-bodensee.ch\/wp-content\/uploads\/2023\/02\/book-768x468.png 768w\" sizes=\"auto, (max-width: 1000px) 100vw, 1000px\" \/><figcaption class=\"wp-element-caption\"> <\/figcaption><\/figure>\n<\/div>\n\n\n<h3 class=\"wp-block-heading has-text-align-center\"><strong><strong><strong><strong><strong><strong>Sonderheft zur Freundschaftstagung<\/strong><\/strong><\/strong><\/strong><\/strong><\/strong><\/h3>\n\n\n\n<p><strong>Im Sonderheft zur Freundschaftstagung<\/strong> der Schweizerischen und Deutschen Gesellschaft f\u00fcr Logotherapie und Existenzanalyse vom 13. \u2013 16. Juni 1996 in Davos hat <strong>Prof. Dr. Bijan Adl-Amini<\/strong> einen interessanten Tagungsbericht \u00ab Erziehung zum Sinn\u00bb, \u00abErziehungswissenschaft und Logotherapie\u00bb und \u00fcber seine Krisenp\u00e4dagogik ver\u00f6ffentlicht. <\/p>\n\n\n\n<p>Diese macht die jungen Menschen nicht immer immun gegen Lebenskrisen, sondern wach f\u00fcr deren Sinn. Krisenp\u00e4dagogik leistet prophylaktische Erste -Hilfe &#8211; Arbeit f\u00fcr den Ernstfall. Sie will erreichen, dass die jungen Menschen lernen, ihr Leiden als ein notwendiges Leisten zu begreifen und daran sogar mental zu reifen. <\/p>\n\n\n\n<p>Wenn wir nun die Sinnrichtung unseres Bewusstseins klarer erkennen, dann sehen wir in ihr auch einen Richtungs-Sinn. Die Krisenp\u00e4dagogik will nun&nbsp; diese Analyse in ein p\u00e4dagogisches Lernprogramm anwenden, so dass die jungen Menschen daf\u00fcr sensibilisiert werden, im Leben und Leiden generell Sinn zu sehen und Sinn zu suchen.<\/p>\n\n\n\n<p><strong>ISBN&nbsp; <\/strong>0942-8569,&nbsp; Zeitschrift der Deutschen Gesellschaft f\u00fcr Logotherapie und Existenzanalyse e.V., 5. Jahrgang, Heft 1, Januar 1997<\/p>\n<\/div>\n\n\n\n<div class=\"wp-block-column is-layout-flow wp-block-column-is-layout-flow\"><div class=\"wp-block-image\">\n<figure class=\"aligncenter size-full is-resized\"><img loading=\"lazy\" decoding=\"async\" width=\"1000\" height=\"609\" src=\"https:\/\/helmutpatzer.it9cloud.ch\/wp-content\/uploads\/2023\/02\/book.png\" alt=\"\" class=\"wp-image-122\" style=\"width:219px;height:auto\" srcset=\"https:\/\/www.logotherapie-bodensee.ch\/wp-content\/uploads\/2023\/02\/book.png 1000w, https:\/\/www.logotherapie-bodensee.ch\/wp-content\/uploads\/2023\/02\/book-300x183.png 300w, https:\/\/www.logotherapie-bodensee.ch\/wp-content\/uploads\/2023\/02\/book-768x468.png 768w\" sizes=\"auto, (max-width: 1000px) 100vw, 1000px\" \/><figcaption class=\"wp-element-caption\"> <\/figcaption><\/figure>\n<\/div>\n\n\n<h3 class=\"wp-block-heading has-text-align-center\"><strong><strong><strong><strong><strong>Mut in Zeiten der Resignation<\/strong><\/strong><\/strong><\/strong><\/strong><\/h3>\n\n\n\n<p><strong>Boglarka Hadinger <\/strong>\u00abMut in Zeiten der Resignation\u00bb, Verlag Lebenskunst, T\u00fcbingen \u2013 ISBN &nbsp;3-9803664-6-4, beschreibt einen bemerkenswerten Beitrag, Seite 52, \u00abKindern Mut machen \u2013 Selbstwertgef\u00fchl und Pers\u00f6nlichkeit von Kindern und Jugendlichen st\u00e4rken\u00bb, der sich auf f\u00fcnf&nbsp; wichtige St\u00fctzpunkte aufbaut:<\/p>\n\n\n\n<p>1. Positive Beziehungen, 2. Kompetenz, 3. Orientierung (Ziele und Werte), 4. Ein guter Mensch zu sein, 5. Lebensfreude und Lebenslust. <\/p>\n\n\n\n<p>Erfahrungen in diesen f\u00fcnf Bereichen erm\u00f6glichen, dass ein Kind ebenso wie ein Erwachsener Grund f\u00fcr ein gesundes Selbstwertgef\u00fchl entwickeln kann. <strong>Mehr noch:<\/strong> Die diesbez\u00fcglichen Erfahrungen erm\u00f6glichen auch, dass ein Mensch das Gef\u00fchl, dass sein Leben sinnvoll ist, entwickeln kann.<\/p>\n<\/div>\n<\/div>\n\n\n\n<div class=\"wp-block-buttons is-content-justification-center is-layout-flex wp-container-core-buttons-is-layout-16018d1d wp-block-buttons-is-layout-flex\">\n<div class=\"wp-block-button\"><a class=\"wp-block-button__link wp-element-button\" href=\"#neve_body\">Nach oben<\/a><\/div>\n<\/div>\n\n\n\n<p><\/p>\n\n\n\n<p><\/p>\n","protected":false},"excerpt":{"rendered":"<p>Praxisfelder und Wirkungsweisen der sinnzentrierten P\u00e4dagogik \u201eBegeisterung f\u00fcrs Leben\u201c Die Kraft deiner Gedanken&nbsp; von Uwe B\u00f6schemeyer, Ellert &amp; Richter Verlag,&nbsp; ISBN &nbsp;&nbsp;978-3-8319-0529-4. Wir \u201esehen\u201c nur wenig von dem, was die Gedanken in uns und anderen bewegen. Dabei sind Gedanken eine Grossmacht. Sie nehmen Einfluss auf unsere Gef\u00fchle, unsere Entscheidungen und unser Handeln. Sich selbst kennen&hellip;&nbsp;<a href=\"https:\/\/www.logotherapie-bodensee.ch\/?page_id=133\" class=\"\" rel=\"bookmark\">Weiterlesen &raquo;<span class=\"screen-reader-text\">Logotherapie in Aktion<\/span><\/a><\/p>\n","protected":false},"author":1,"featured_media":0,"parent":124,"menu_order":0,"comment_status":"closed","ping_status":"closed","template":"","meta":{"neve_meta_sidebar":"","neve_meta_container":"","neve_meta_enable_content_width":"","neve_meta_content_width":0,"neve_meta_title_alignment":"","neve_meta_author_avatar":"","neve_post_elements_order":"","neve_meta_disable_header":"","neve_meta_disable_footer":"","neve_meta_disable_title":"","footnotes":""},"class_list":["post-133","page","type-page","status-publish","hentry"],"_links":{"self":[{"href":"https:\/\/www.logotherapie-bodensee.ch\/index.php?rest_route=\/wp\/v2\/pages\/133","targetHints":{"allow":["GET"]}}],"collection":[{"href":"https:\/\/www.logotherapie-bodensee.ch\/index.php?rest_route=\/wp\/v2\/pages"}],"about":[{"href":"https:\/\/www.logotherapie-bodensee.ch\/index.php?rest_route=\/wp\/v2\/types\/page"}],"author":[{"embeddable":true,"href":"https:\/\/www.logotherapie-bodensee.ch\/index.php?rest_route=\/wp\/v2\/users\/1"}],"replies":[{"embeddable":true,"href":"https:\/\/www.logotherapie-bodensee.ch\/index.php?rest_route=%2Fwp%2Fv2%2Fcomments&post=133"}],"version-history":[{"count":9,"href":"https:\/\/www.logotherapie-bodensee.ch\/index.php?rest_route=\/wp\/v2\/pages\/133\/revisions"}],"predecessor-version":[{"id":1560,"href":"https:\/\/www.logotherapie-bodensee.ch\/index.php?rest_route=\/wp\/v2\/pages\/133\/revisions\/1560"}],"up":[{"embeddable":true,"href":"https:\/\/www.logotherapie-bodensee.ch\/index.php?rest_route=\/wp\/v2\/pages\/124"}],"wp:attachment":[{"href":"https:\/\/www.logotherapie-bodensee.ch\/index.php?rest_route=%2Fwp%2Fv2%2Fmedia&parent=133"}],"curies":[{"name":"wp","href":"https:\/\/api.w.org\/{rel}","templated":true}]}}