{"id":48,"date":"2023-02-04T16:46:32","date_gmt":"2023-02-04T16:46:32","guid":{"rendered":"https:\/\/helmutpatzer.it9cloud.ch\/?page_id=48"},"modified":"2025-09-01T07:25:46","modified_gmt":"2025-09-01T07:25:46","slug":"persoenliche-daten","status":"publish","type":"page","link":"https:\/\/www.logotherapie-bodensee.ch\/?page_id=48","title":{"rendered":"Pers\u00f6nliche Daten"},"content":{"rendered":"<div class=\"wp-block-image\">\n<figure class=\"aligncenter size-full is-resized\"><img loading=\"lazy\" decoding=\"async\" width=\"195\" height=\"233\" src=\"https:\/\/helmutpatzer.it9cloud.ch\/wp-content\/uploads\/2023\/03\/image.png\" alt=\"\" class=\"wp-image-585\" style=\"width:239px;height:286px\"\/><figcaption class=\"wp-element-caption\"><strong>Helmut Patzer-Uehli <\/strong>Sozialp\u00e4dagoge &#8211; Logotherapeut  <strong>04.01.1941<\/strong><\/figcaption><\/figure>\n<\/div>\n\n\n<p class=\"has-medium-font-size\">Weiteres zu &#8220;Pers\u00f6nliche Daten&#8221;<\/p>\n\n\n\n<div class=\"wp-block-buttons is-layout-flex wp-block-buttons-is-layout-flex\">\n<div class=\"wp-block-button\"><a class=\"wp-block-button__link wp-element-button\" href=\"https:\/\/www.logotherapie-bodensee.ch\/?page_id=25\">Ausbildung<\/a><\/div>\n\n\n\n<div class=\"wp-block-button\"><a class=\"wp-block-button__link wp-element-button\" href=\"https:\/\/www.logotherapie-bodensee.ch\/?page_id=46\">Beruflich<\/a><\/div>\n\n\n\n<div class=\"wp-block-button\"><a class=\"wp-block-button__link wp-element-button\" href=\"https:\/\/www.logotherapie-bodensee.ch\/?page_id=78\">Pers\u00f6nliches Gleichgewicht<\/a><\/div>\n\n\n\n<div class=\"wp-block-button\"><a class=\"wp-block-button__link wp-element-button\" href=\"https:\/\/www.logotherapie-bodensee.ch\/?page_id=69\">Wunder der Natur<\/a><\/div>\n\n\n\n<div class=\"wp-block-button\"><a class=\"wp-block-button__link wp-element-button\" href=\"https:\/\/www.logotherapie-bodensee.ch\/?page_id=51\">Literatur<\/a><\/div>\n<\/div>\n\n\n\n<\/br>\n<\/br>\n\n\n\n<p><\/p>\n\n\n\n<p><\/p>\n\n\n\n<p><strong>Die stete Aus- und Weiterbildung ist f\u00fcr die pers\u00f6nliche Weiterentwicklung sehr wichtig. Bildung gilt massgeblich f\u00fcr individuelle Lebenschancen.&nbsp; Sie soll die Pers\u00f6nlichkeit entwickeln und ein erf\u00fclltes Leben erm\u00f6glichen. Bildung ist ein pers\u00f6nliches Konstrukt aus Wissen, Intellektualit\u00e4t und Kultiviertheit, welches sich zu gegebenen Zeiten dank Flexibilit\u00e4t weiterentwickeln kann. Es hat auch mein humanistisches Menschenbild verfeinert, sensibler gemacht und mein Ur-Vertrauen gefestigt.<\/strong><\/p>\n\n\n\n<p><strong>Der Sinn des Lebens ist jeweils der konkrete Sinn einer konkreten Situation, jede einzelne Situation ist etwas Einmaliges und eine neue Sinnherausforderung, so spannend kann Leben sein.<\/strong><\/p>\n\n\n\n<p><strong>Wer kein Schamgef\u00fchl kennt, der hat in der Regel auch wenig Einf\u00fchlungsverm\u00f6gen, beobachten Sie mal ihre Mitmenschen.<\/strong><\/p>\n\n\n\n<div class=\"wp-block-cp-timeline-content-timeline Cool-Content-Timeline\"><div class=\"cool-timeline-block-c82375dc-827b-482a-a6a7-b8a76f08fae6\"><style>.cool-timeline-block-c82375dc-827b-482a-a6a7-b8a76f08fae6 .cool-vertical-timeline-body{--ctlb-icon-color: #058f9f;--ctlb-sub-heading-color: #000000;--ctlb-line-color: #058f9f;--ctlb-icon-bg: #058f9f;--ctlb-story-border-color: #058f9f;}<\/style><div class=\"cool-vertical-timeline-body ctlb-wrapper both-sided left\"><div class=\"cool-timeline-block-list\">\n<div class=\"wp-block-cp-timeline-content-timeline-child swiper-slide\"><div class=\"timeline-content icon-false \"><div class=\"timeline-block-timeline ctl-row  position-right\"><div class=\"ctl-6 timeline-block-time\"><div class=\"story-time\"><p><strong>1988 \u2013 1990<\/strong><\/p><\/div><\/div><div class=\"timeline-block-icon\"><svg stroke=\"currentColor\" fill=\"currentColor\" stroke-width=\"0\" viewBox=\"0 0 512 512\" height=\"1em\" width=\"1em\" xmlns=\"http:\/\/www.w3.org\/2000\/svg\"><path d=\"M256 8C119 8 8 119 8 256s111 248 248 248 248-111 248-248S393 8 256 8z\"><\/path><\/svg><\/div><div class=\"ctl-6 timeline-block-detail\"><div class=\"story-details\"><div class=\"story-content\">\n<h3 class=\"wp-block-heading ctlb-block-title\" style=\"padding-top:0px;padding-right:0px;padding-bottom:0px;padding-left:0px\"><\/h3>\n\n\n\n<p class=\"ctlb-block-desc\" style=\"padding-top:0px;padding-right:0px;padding-bottom:0px;padding-left:0px\">Gr\u00fcndungs- und Aktivmitglied des 1. Logotherapeutischen Arbeitskreises in der Schweiz in Z\u00fcrich<\/p>\n<\/div><\/div><\/div><\/div><\/div><\/div>\n\n\n\n<div class=\"wp-block-cp-timeline-content-timeline-child swiper-slide\"><div class=\"timeline-content icon-false \"><div class=\"timeline-block-timeline ctl-row  position-left\"><div class=\"ctl-6 timeline-block-time\"><div class=\"story-time\"><p><strong>1990 &#8212; 2004<\/strong><\/p><\/div><\/div><div class=\"timeline-block-icon\"><svg stroke=\"currentColor\" fill=\"currentColor\" stroke-width=\"0\" viewBox=\"0 0 512 512\" height=\"1em\" width=\"1em\" xmlns=\"http:\/\/www.w3.org\/2000\/svg\"><path d=\"M256 8C119 8 8 119 8 256s111 248 248 248 248-111 248-248S393 8 256 8z\"><\/path><\/svg><\/div><div class=\"ctl-6 timeline-block-detail\"><div class=\"story-details\"><div class=\"story-content\">\n<h3 class=\"wp-block-heading ctlb-block-title\" style=\"padding-top:0px;padding-right:0px;padding-bottom:0px;padding-left:0px\"><\/h3>\n\n\n\n<p class=\"ctlb-block-desc\" style=\"padding-top:0px;padding-right:0px;padding-bottom:0px;padding-left:0px\">Gr\u00fcndungs- und Aktivmitglied eines neuen Arbeitskreises in St. Gallen<\/p>\n<\/div><\/div><\/div><\/div><\/div><\/div>\n\n\n\n<div class=\"wp-block-cp-timeline-content-timeline-child swiper-slide\"><div class=\"timeline-content icon-false \"><div class=\"timeline-block-timeline ctl-row  position-right\"><div class=\"ctl-6 timeline-block-time\"><div class=\"story-time\"><p><strong>1993 &#8212; 1997<\/strong><\/p><\/div><\/div><div class=\"timeline-block-icon\"><svg stroke=\"currentColor\" fill=\"currentColor\" stroke-width=\"0\" viewBox=\"0 0 512 512\" height=\"1em\" width=\"1em\" xmlns=\"http:\/\/www.w3.org\/2000\/svg\"><path d=\"M256 8C119 8 8 119 8 256s111 248 248 248 248-111 248-248S393 8 256 8z\"><\/path><\/svg><\/div><div class=\"ctl-6 timeline-block-detail\"><div class=\"story-details\"><div class=\"story-content\">\n<h3 class=\"wp-block-heading ctlb-block-title\" style=\"padding-top:0px;padding-right:0px;padding-bottom:0px;padding-left:0px\"><\/h3>\n\n\n\n<p class=\"ctlb-block-desc\" style=\"padding-top:0px;padding-right:0px;padding-bottom:0px;padding-left:0px\">Gr\u00fcndungs- und Vorstandsmitglied der Schweizerischen Gesellschaft f\u00fcr Logotherapie und Existenzanalyse, Chur&nbsp;&nbsp; <strong>( SGLE )<\/strong><\/p>\n<\/div><\/div><\/div><\/div><\/div><\/div>\n\n\n\n<div class=\"wp-block-cp-timeline-content-timeline-child swiper-slide\"><div class=\"timeline-content icon-false \"><div class=\"timeline-block-timeline ctl-row  position-left\"><div class=\"ctl-6 timeline-block-time\"><div class=\"story-time\"><p><strong>1986 &#8212; 1997<\/strong><\/p><\/div><\/div><div class=\"timeline-block-icon\"><svg stroke=\"currentColor\" fill=\"currentColor\" stroke-width=\"0\" viewBox=\"0 0 512 512\" height=\"1em\" width=\"1em\" xmlns=\"http:\/\/www.w3.org\/2000\/svg\"><path d=\"M256 8C119 8 8 119 8 256s111 248 248 248 248-111 248-248S393 8 256 8z\"><\/path><\/svg><\/div><div class=\"ctl-6 timeline-block-detail\"><div class=\"story-details\"><div class=\"story-content\">\n<h3 class=\"wp-block-heading ctlb-block-title\" style=\"padding-top:0px;padding-right:0px;padding-bottom:0px;padding-left:0px\"><\/h3>\n\n\n\n<p class=\"ctlb-block-desc\" style=\"padding-top:0px;padding-right:0px;padding-bottom:0px;padding-left:0px\">Aktiv-Mitglied der Deutschen Gesellschaft f\u00fcr Logotherapie und Existenzanalyse E.V., <strong>( DGLE )  <a href=\"http:\/\/www.dgle.org\" target=\"_blank\" rel=\"noreferrer noopener\"> http:\/\/www.dgle.org<\/a><\/strong><\/p>\n<\/div><\/div><\/div><\/div><\/div><\/div>\n\n\n\n<div class=\"wp-block-cp-timeline-content-timeline-child swiper-slide\"><div class=\"timeline-content icon-false \"><div class=\"timeline-block-timeline ctl-row  position-right\"><div class=\"ctl-6 timeline-block-time\"><div class=\"story-time\"><p><strong>1993 \u2013&nbsp;2006<\/strong><\/p><\/div><\/div><div class=\"timeline-block-icon\"><svg stroke=\"currentColor\" fill=\"currentColor\" stroke-width=\"0\" viewBox=\"0 0 512 512\" height=\"1em\" width=\"1em\" xmlns=\"http:\/\/www.w3.org\/2000\/svg\"><path d=\"M256 8C119 8 8 119 8 256s111 248 248 248 248-111 248-248S393 8 256 8z\"><\/path><\/svg><\/div><div class=\"ctl-6 timeline-block-detail\"><div class=\"story-details\"><div class=\"story-content\">\n<h3 class=\"wp-block-heading ctlb-block-title\" style=\"padding-top:0px;padding-right:0px;padding-bottom:0px;padding-left:0px\"><\/h3>\n\n\n\n<p class=\"ctlb-block-desc\" style=\"padding-top:0px;padding-right:0px;padding-bottom:0px;padding-left:0px\">Aktiv-Mitglied der Deutschen Gesellschaft f\u00fcr Positive Psychotherapie, <strong>( DGPP ) <\/strong>&nbsp;Wiesbaden&nbsp;&nbsp; <strong><a href=\"http:\/\/www.dgpp.positum.org\/\">http:\/\/www.dgpp.positum.org<\/a><\/strong><\/p>\n<\/div><\/div><\/div><\/div><\/div><\/div>\n\n\n\n<div class=\"wp-block-cp-timeline-content-timeline-child swiper-slide\"><div class=\"timeline-content icon-false \"><div class=\"timeline-block-timeline ctl-row  position-left\"><div class=\"ctl-6 timeline-block-time\"><div class=\"story-time\"><p><strong>1993 &#8212;<\/strong> <strong>2025<\/strong><\/p><\/div><\/div><div class=\"timeline-block-icon\"><svg stroke=\"currentColor\" fill=\"currentColor\" stroke-width=\"0\" viewBox=\"0 0 512 512\" height=\"1em\" width=\"1em\" xmlns=\"http:\/\/www.w3.org\/2000\/svg\"><path d=\"M256 8C119 8 8 119 8 256s111 248 248 248 248-111 248-248S393 8 256 8z\"><\/path><\/svg><\/div><div class=\"ctl-6 timeline-block-detail\"><div class=\"story-details\"><div class=\"story-content\">\n<h3 class=\"wp-block-heading ctlb-block-title\" style=\"padding-top:0px;padding-right:0px;padding-bottom:0px;padding-left:0px\"><\/h3>\n\n\n\n<p class=\"ctlb-block-desc\" style=\"padding-top:0px;padding-right:0px;padding-bottom:0px;padding-left:0px\">Aktiv-Mitglied der Schweizerischen Gesellschaft f\u00fcr Logotherapie und&nbsp; Existenzanalyse, <strong>( SGLE )<\/strong> Chur&nbsp;&nbsp; <strong><a href=\"http:\/\/www.sgle.ch\/\">www.sgle.ch<\/a><\/strong><\/p>\n<\/div><\/div><\/div><\/div><\/div><\/div>\n\n\n\n<div class=\"wp-block-cp-timeline-content-timeline-child swiper-slide\"><div class=\"timeline-content icon-false \"><div class=\"timeline-block-timeline ctl-row  position-right\"><div class=\"ctl-6 timeline-block-time\"><div class=\"story-time\"><p><strong><strong>1979<\/strong><\/strong><\/p><\/div><\/div><div class=\"timeline-block-icon\"><svg stroke=\"currentColor\" fill=\"currentColor\" stroke-width=\"0\" viewBox=\"0 0 512 512\" height=\"1em\" width=\"1em\" xmlns=\"http:\/\/www.w3.org\/2000\/svg\"><path d=\"M256 8C119 8 8 119 8 256s111 248 248 248 248-111 248-248S393 8 256 8z\"><\/path><\/svg><\/div><div class=\"ctl-6 timeline-block-detail\"><div class=\"story-details\"><div class=\"story-content\">\n<h3 class=\"wp-block-heading ctlb-block-title\" style=\"padding-top:0px;padding-right:0px;padding-bottom:0px;padding-left:0px\"><\/h3>\n\n\n\n<p class=\"ctlb-block-desc\" style=\"padding-top:0px;padding-right:0px;padding-bottom:0px;padding-left:0px\">Wurde die Internationale Bodensee \u2013 Konferenz <strong>(IBK) <\/strong>als gemeinsame Plattform der Regierungen der L\u00e4nder und Kantone Baden \u2013 W\u00fcrttemberg, Schaffhausen, Z\u00fcrich, Thurgau, St. Gallen, Appenzell Ausserrhoden, Appenzell Innerrhoden, F\u00fcrstentum Lichtenstein und Bayern ins Leben berufen. <strong>Ziel <\/strong>&nbsp;der IBK&nbsp; ist es, die Bodenseeregion als aktiven Lebens-, Natur-, Kultur- und Wirtschaftsraum zu erhalten und zu f\u00f6rdern und die regionale Zusammengeh\u00f6rigkeit zu st\u00e4rken. Sie bildet den Kern eines breit gef\u00e4cherten Netzwerkes der grenz\u00fcberschreitenden Zusammenarbeit in der Bodenseeregion. Weitere Informationen unter <a href=\"http:\/\/www.bodenseekonferenz.org\/\"><strong>www.bodenseekonferenz.org.<\/strong><\/a><\/p>\n<\/div><\/div><\/div><\/div><\/div><\/div>\n\n\n\n<div class=\"wp-block-cp-timeline-content-timeline-child swiper-slide\"><div class=\"timeline-content icon-false \"><div class=\"timeline-block-timeline ctl-row  position-left\"><div class=\"ctl-6 timeline-block-time\"><div class=\"story-time\"><p><strong>1996 <\/strong><\/p><\/div><\/div><div class=\"timeline-block-icon\"><svg stroke=\"currentColor\" fill=\"currentColor\" stroke-width=\"0\" viewBox=\"0 0 512 512\" height=\"1em\" width=\"1em\" xmlns=\"http:\/\/www.w3.org\/2000\/svg\"><path d=\"M256 8C119 8 8 119 8 256s111 248 248 248 248-111 248-248S393 8 256 8z\"><\/path><\/svg><\/div><div class=\"ctl-6 timeline-block-detail\"><div class=\"story-details\"><div class=\"story-content\">\n<h3 class=\"wp-block-heading ctlb-block-title\" style=\"padding-top:0px;padding-right:0px;padding-bottom:0px;padding-left:0px\"><\/h3>\n\n\n\n<p class=\"ctlb-block-desc\" style=\"padding-top:0px;padding-right:0px;padding-bottom:0px;padding-left:0px\">Die <strong>( IBK )<\/strong> Kommission Gesundheit und Soziales &#8211; grenzenlos &#8211;&nbsp; kreativ &#8211;&nbsp; vernetzt, schrieb <strong>1996<\/strong>&nbsp; zum ersten Mal einen l\u00e4nder\u00fcbergreifenden Wettbewerb und Preis \u00fcber Gesundheitsf\u00f6rderung und Pr\u00e4vention aus, an dem ich mich auch mit der Sozial \u2013 Therapeutischen &#8211; Beratungspraxis und den zwei Selbsthilfegruppen bewarb, es aber nicht in die engere Auswahl schaffte. <\/p>\n<\/div><\/div><\/div><\/div><\/div><\/div>\n\n\n\n<div class=\"wp-block-cp-timeline-content-timeline-child swiper-slide\"><div class=\"timeline-content icon-false \"><div class=\"timeline-block-timeline ctl-row  position-right\"><div class=\"ctl-6 timeline-block-time\"><div class=\"story-time\"><p><strong><strong>2001<\/strong><\/strong><\/p><\/div><\/div><div class=\"timeline-block-icon\"><svg stroke=\"currentColor\" fill=\"currentColor\" stroke-width=\"0\" viewBox=\"0 0 512 512\" height=\"1em\" width=\"1em\" xmlns=\"http:\/\/www.w3.org\/2000\/svg\"><path d=\"M256 8C119 8 8 119 8 256s111 248 248 248 248-111 248-248S393 8 256 8z\"><\/path><\/svg><\/div><div class=\"ctl-6 timeline-block-detail\"><div class=\"story-details\"><div class=\"story-content\">\n<h3 class=\"wp-block-heading ctlb-block-title\" style=\"padding-top:0px;padding-right:0px;padding-bottom:0px;padding-left:0px\"><\/h3>\n\n\n\n<p class=\"ctlb-block-desc\" style=\"padding-top:0px;padding-right:0px;padding-bottom:0px;padding-left:0px\"><strong>Fand das erste IBK-Symposium &nbsp;mit<\/strong> einer Preisverleihung in Bregenz statt, weitere folgten <strong>2001<\/strong> <strong>2004, 2008, 2010, 2013, 2016, 2019.&nbsp; <\/strong>2013&nbsp; hatten sich 350 Personen angemeldet, es wurden 160 Wettbewerbe eingereicht,&nbsp; 25 kamen in die Ausscheidung. Den ersten Preis von 5 000 Euro erhielt das Projekt \u201eMehrWert\u201c&nbsp; f\u00fcr K\u00f6rper und Geist der Landesberufsschule Lochau, Vorarlberg <strong>( A ).<\/strong> Im Rahmen ihrer Ausbildung werden Gesundheitskenntnisse und praktische F\u00e4higkeiten vermittelt, die sie als zuk\u00fcnftige Multiplikatoren in der Gastronomie anwenden und weitergeben k\u00f6nnen.<\/p>\n<\/div><\/div><\/div><\/div><\/div><\/div>\n\n\n\n<div class=\"wp-block-cp-timeline-content-timeline-child swiper-slide\"><div class=\"timeline-content icon-false \"><div class=\"timeline-block-timeline ctl-row  position-left\"><div class=\"ctl-6 timeline-block-time\"><div class=\"story-time\"><p><strong><strong>2016<\/strong><\/strong><\/p><\/div><\/div><div class=\"timeline-block-icon\"><svg stroke=\"currentColor\" fill=\"currentColor\" stroke-width=\"0\" viewBox=\"0 0 512 512\" height=\"1em\" width=\"1em\" xmlns=\"http:\/\/www.w3.org\/2000\/svg\"><path d=\"M256 8C119 8 8 119 8 256s111 248 248 248 248-111 248-248S393 8 256 8z\"><\/path><\/svg><\/div><div class=\"ctl-6 timeline-block-detail\"><div class=\"story-details\"><div class=\"story-content\">\n<h3 class=\"wp-block-heading ctlb-block-title\" style=\"padding-top:0px;padding-right:0px;padding-bottom:0px;padding-left:0px\"><\/h3>\n\n\n\n<p class=\"ctlb-block-desc\" style=\"padding-top:0px;padding-right:0px;padding-bottom:0px;padding-left:0px\"><strong>2016<\/strong>&nbsp; verlieh die Internationale Bodenseekonferenz <strong>( IBK )<\/strong> zum 6. Mal den IBK-Preis f\u00fcr Gesundheitsf\u00f6rderung &amp; Pr\u00e4vention im&nbsp; Bodenseeraum&nbsp; am Donnerstag, den 21. April 2016&nbsp; im Festspielhaus&nbsp; Bregenz. 140 Projekte wurden eingereicht, 24 kamen in die engere Auswahl und die Jury&nbsp; w\u00e4hlte das Siegerprojekt die Gemeinde \u201eMichelfeld\u201c, Baden-W\u00fcrttemberg ( D ) auf den 1. Platz&nbsp; aus.&nbsp; Ihr Projektthema: \u201eGesund aufwachsen, gesund leben in Michelfeld\u201c.&nbsp;&nbsp; Erstmalig erhielten 5 weitere Projekte eine Sonderauszeichnung f\u00fcr Kultur und Gesundheit. 200&nbsp; interessierte Teilnehmer\/innen nahmen an diesem w\u00fcrdigen Anlass teil.<\/p>\n<\/div><\/div><\/div><\/div><\/div><\/div>\n\n\n\n<div class=\"wp-block-cp-timeline-content-timeline-child swiper-slide\"><div class=\"timeline-content icon-false \"><div class=\"timeline-block-timeline ctl-row  position-right\"><div class=\"ctl-6 timeline-block-time\"><div class=\"story-time\"><p><strong><strong>2019<\/strong><\/strong><\/p><\/div><\/div><div class=\"timeline-block-icon\"><svg stroke=\"currentColor\" fill=\"currentColor\" stroke-width=\"0\" viewBox=\"0 0 512 512\" height=\"1em\" width=\"1em\" xmlns=\"http:\/\/www.w3.org\/2000\/svg\"><path d=\"M256 8C119 8 8 119 8 256s111 248 248 248 248-111 248-248S393 8 256 8z\"><\/path><\/svg><\/div><div class=\"ctl-6 timeline-block-detail\"><div class=\"story-details\"><div class=\"story-content\">\n<h3 class=\"wp-block-heading ctlb-block-title\" style=\"padding-top:0px;padding-right:0px;padding-bottom:0px;padding-left:0px\"><\/h3>\n\n\n\n<p class=\"ctlb-block-desc\" style=\"padding-top:0px;padding-right:0px;padding-bottom:0px;padding-left:0px\"><strong>2019&nbsp; <\/strong>wurde der <strong>7. IBK<\/strong> Preis f\u00fcr Gesundheitsf\u00f6rderung und Pr\u00e4vention verliehen. Es ist der bedeutendste Wissensaustausch als Gewinn im Bodenseeraum. Unsere Teilnahme fand am Donnerstag den 11. April 2019&nbsp; im Festspielhaus Bregenz statt. Erstmalig wurde der Preis von Euro 3000.00 in drei Kategorien: \u201eEhrenamtliches Engagement, Kreativit\u00e4t sowie Nachhaltigkeit\u201c vergeben. Ein zus\u00e4tzlicher Sonderpreis von ebenfalls Euro 3000.&#8211; gewann Rotary B. Free UG, Konstanz&nbsp; \u201evon der Verhaltenspr\u00e4vention zur Verh\u00e4ltnispr\u00e4vention\u201c. Noch nie hatten so viele Jugendliche Interessenten am Wettbewerb teilgenommen und die Atmosph\u00e4re war f\u00fcr alle Preistr\u00e4ger ausgesprochen feierlich.&nbsp; &nbsp;&nbsp;<strong><a href=\"http:\/\/www.ibk-gesundheit.org\/\">http:\/www.ibk-gesundheit.org\/<\/a><\/strong><\/p>\n<\/div><\/div><\/div><\/div><\/div><\/div>\n\n\n\n<div class=\"wp-block-cp-timeline-content-timeline-child swiper-slide\"><div class=\"timeline-content icon-false \"><div class=\"timeline-block-timeline ctl-row  position-left\"><div class=\"ctl-6 timeline-block-time\"><div class=\"story-time\"><p><strong><strong><strong>2020 und 2021<\/strong><\/strong><\/strong><\/p><\/div><\/div><div class=\"timeline-block-icon\"><svg stroke=\"currentColor\" fill=\"currentColor\" stroke-width=\"0\" viewBox=\"0 0 512 512\" height=\"1em\" width=\"1em\" xmlns=\"http:\/\/www.w3.org\/2000\/svg\"><path d=\"M256 8C119 8 8 119 8 256s111 248 248 248 248-111 248-248S393 8 256 8z\"><\/path><\/svg><\/div><div class=\"ctl-6 timeline-block-detail\"><div class=\"story-details\"><div class=\"story-content\">\n<h3 class=\"wp-block-heading ctlb-block-title\" style=\"padding-top:0px;padding-right:0px;padding-bottom:0px;padding-left:0px\"><\/h3>\n\n\n\n<p class=\"ctlb-block-desc\" style=\"padding-top:0px;padding-right:0px;padding-bottom:0px;padding-left:0px\"><strong>2020 und 2021<\/strong>&nbsp;&nbsp; fand die Internationale Bodenseekonferenz wegen der Corona \u2013 Pandemie aus Sicherheitsgr\u00fcnden nicht statt.&nbsp; <strong>IBK \u2013 grenzenlos \u2013 kreativ &#8211; vernetzt<\/strong><\/p>\n<\/div><\/div><\/div><\/div><\/div><\/div>\n\n\n\n<div class=\"wp-block-cp-timeline-content-timeline-child swiper-slide\"><div class=\"timeline-content icon-false \"><div class=\"timeline-block-timeline ctl-row  position-right\"><div class=\"ctl-6 timeline-block-time\"><div class=\"story-time\"><p>Januar <strong>2022<\/strong><\/p><\/div><\/div><div class=\"timeline-block-icon\"><svg stroke=\"currentColor\" fill=\"currentColor\" stroke-width=\"0\" viewBox=\"0 0 512 512\" height=\"1em\" width=\"1em\" xmlns=\"http:\/\/www.w3.org\/2000\/svg\"><path d=\"M256 8C119 8 8 119 8 256s111 248 248 248 248-111 248-248S393 8 256 8z\"><\/path><\/svg><\/div><div class=\"ctl-6 timeline-block-detail\"><div class=\"story-details\"><div class=\"story-content\">\n<h3 class=\"wp-block-heading ctlb-block-title\" style=\"padding-top:0px;padding-right:0px;padding-bottom:0px;padding-left:0px\"><\/h3>\n\n\n\n<p class=\"ctlb-block-desc\" style=\"padding-top:0px;padding-right:0px;padding-bottom:0px;padding-left:0px\">Am 14. Januar 2022 trafen sich die Regierungschefinnen und -chefs der Internationalen Bodensee &#8211; Konferenz <strong>IBK <\/strong>auf dem Gipfel des S\u00e4ntis und feierten den 50. Geburtstag der <strong>IBK<\/strong>. Am eigens einberufenen Gipfeltreffen nahm auch der Schweizerische Bundespr\u00e4sident Ignazio Cassis teil. Die Delegationen der zehn <strong>IBK <\/strong>\u2013 Mitgliedsl\u00e4nder und -kantone verabschiedeten zum Auftakt des 50 \u2013 Jahr \u2013 Jubil\u00e4ums eine Gipfelerkl\u00e4rung zuhanden der Bodenseeregion.<br><strong>Auf den Tag genau vor 50 Jahren, am 14. Januar 1972, gr\u00fcndeten Regierungsvertreterinnen und Vertreter der an Bodensee <\/strong>angrenzenden und mit ihm verbundenen Bundesl\u00e4nder und Kantone die <strong>IBK,<\/strong> um gemeinsame Fragen der regionalen, grenz\u00fcberschreitenden Zusammenarbeit anzugehen. Der<strong> IBK <\/strong>geh\u00f6ren die Bundesl\u00e4nder Baden-W\u00fcrttemberg, Bayern und Vorarlberg, das F\u00fcrstentum Lichtenstein sowie die Kantone Z\u00fcrich, Schaffhausen, Appenzell Ausserrhoden, Appenzell Innerrhoden, St. Gallen und Thurgau an.<br>&nbsp;<br>Zum Auftakt des Jubil\u00e4umsjahres lud der <strong>IBK<\/strong> \u2013 Vorsitzende, der Ausserrhoder Regierungsrat Alfred Stricker, seine Kolleginnen und Kollegen zu dem Gipfeltreffen auf den S\u00e4ntis ein. Die Konferenz verabschiedete eine Gipfelerkl\u00e4rung, die die Herausforderungen und Perspektiven der <strong>IBK <\/strong>f\u00fcr die kommenden Jahre aufzeigt. Berichte und Bilder zu den einzelnen Veranstaltungen sowie Programminformationen zum Jubil\u00e4um werden nach und nach \u00fcber das ganze Jahr in einem digitalen Logbuch bereitgestellt.<\/p>\n<\/div><\/div><\/div><\/div><\/div><\/div>\n\n\n\n<div class=\"wp-block-cp-timeline-content-timeline-child swiper-slide\"><div class=\"timeline-content icon-false \"><div class=\"timeline-block-timeline ctl-row  position-left\"><div class=\"ctl-6 timeline-block-time\"><div class=\"story-time\"><p><strong>05. Mai 2022<\/strong><\/p><\/div><\/div><div class=\"timeline-block-icon\"><svg stroke=\"currentColor\" fill=\"currentColor\" stroke-width=\"0\" viewBox=\"0 0 512 512\" height=\"1em\" width=\"1em\" xmlns=\"http:\/\/www.w3.org\/2000\/svg\"><path d=\"M256 8C119 8 8 119 8 256s111 248 248 248 248-111 248-248S393 8 256 8z\"><\/path><\/svg><\/div><div class=\"ctl-6 timeline-block-detail\"><div class=\"story-details\"><div class=\"story-content\">\n<h3 class=\"wp-block-heading ctlb-block-title\" style=\"padding-top:0px;padding-right:0px;padding-bottom:0px;padding-left:0px\"><\/h3>\n\n\n\n<p class=\"ctlb-block-desc\" style=\"padding-top:0px;padding-right:0px;padding-bottom:0px;padding-left:0px\"><strong>6:00 \u2013 17:00 Uhr<\/strong>, Einladung zum ersten e.talk des <strong>\u00abifs<\/strong> <strong>IBK Symposium\u00bb des IBK \u2013 Preises <\/strong>f\u00fcr Gesundheitsf\u00f6rderung und Pr\u00e4vention, <strong>Online: <\/strong>an&nbsp; \u00abifs\u00bb <a href=\"mailto:ifs@ifs.at\">ifs@ifs.at,<\/a>&nbsp; <strong>Anf\u00fcgen:<\/strong> ibk-e-talk-email-rz.pdf<br><strong>Thema:<\/strong> Gesundheit durch Vernunft? Eine spezielle Herausforderung f\u00fcr unser Gehirn!&nbsp; <strong>Vortragender:<\/strong>&nbsp; Prof. Dr. Lutz J\u00e4cke, Neuropsychologe und kognitiver Neurowissenschaftler<br>Mehr Informationen: <strong><u><a href=\"https:\/\/ibk-gesundheit.org\/etalk\">https:\/\/ibk-gesundheit.org<\/a><\/u><\/strong><\/p>\n<\/div><\/div><\/div><\/div><\/div><\/div>\n\n\n\n<div class=\"wp-block-cp-timeline-content-timeline-child swiper-slide\"><div class=\"timeline-content icon-false \"><div class=\"timeline-block-timeline ctl-row  position-right\"><div class=\"ctl-6 timeline-block-time\"><div class=\"story-time\"><p><strong>2023<\/strong><\/p><\/div><\/div><div class=\"timeline-block-icon\"><svg stroke=\"currentColor\" fill=\"currentColor\" stroke-width=\"0\" viewBox=\"0 0 512 512\" height=\"1em\" width=\"1em\" xmlns=\"http:\/\/www.w3.org\/2000\/svg\"><path d=\"M256 8C119 8 8 119 8 256s111 248 248 248 248-111 248-248S393 8 256 8z\"><\/path><\/svg><\/div><div class=\"ctl-6 timeline-block-detail\"><div class=\"story-details\"><div class=\"story-content\">\n<h3 class=\"wp-block-heading ctlb-block-title\" style=\"padding-top:0px;padding-right:0px;padding-bottom:0px;padding-left:0px\"><\/h3>\n\n\n\n<p class=\"ctlb-block-desc\" style=\"padding-top:0px;padding-right:0px;padding-bottom:0px;padding-left:0px\"><strong>8. IBK &#8211; Anmeldung <\/strong>f\u00fcr die Projektbewerbung unter<strong>: <a href=\"http:\/\/www.ibk-gesundheit.org\/\">www.ibk-gesundheit.org<\/a>&nbsp; <\/strong>finden Sie das Bewerbungsdokument zu folgenden Themenbereichen: Gesundheitsf\u00f6rderung, Soziale Teilhabe, Integration, Pr\u00e4vention. <strong><u>Teilnahmeberechtigt<\/u><\/strong> sind Einzelpersonen, Initiativgruppen und Organisationen wie etwa Vereine oder Firmen, sowie Schulen, Gemeinden, Stadtteilinitiativen und weitere \u00f6ffentliche Institutionen aus dem IBK-Gebiet.<br>Der Bewerbungsschluss ist der 31. Dezember 2022. Die Preisverleihung fand anl\u00e4sslich des<strong> 8. IBK-Symposiums<\/strong> f\u00fcr Gesundheitsf\u00f6rderung und Pr\u00e4vention im Bodenseeraum.<br><br><strong>Teilname<\/strong> am Donnerstag, den 11. Mai 2023 im Festspielhaus Bregenz. 09:30 Saal\u00f6ffnung, 10:30 Begr\u00fcssung\/Einleitung, 10:45 Fachreferat Prof.Dr. Karin Nordstr\u00f6m, ZHAW &#8211; Z\u00fcrcher Hochschule f\u00fcr Angewandte Wissenschaften Departement Gesundheit- Institut f\u00fcr Public Health, <strong>Thema: &#8220;<\/strong>Ethische  Herausforderungen im Handlungsfeld Pr\u00e4vention &amp; Gesundheitsf\u00f6rderung&#8221;.<strong><br>&nbsp;<\/strong><\/p>\n<\/div><\/div><\/div><\/div><\/div><\/div>\n<\/div><\/div><\/div><\/div>\n\n\n\n<div class=\"wp-block-buttons is-content-justification-center is-layout-flex wp-container-core-buttons-is-layout-16018d1d wp-block-buttons-is-layout-flex\">\n<div class=\"wp-block-button\"><a class=\"wp-block-button__link wp-element-button\" href=\"#neve_body\">Nach oben<\/a><\/div>\n<\/div>\n\n\n\n<p><\/p>\n\n\n\n<p><\/p>\n","protected":false},"excerpt":{"rendered":"<p>Weiteres zu &#8220;Pers\u00f6nliche Daten&#8221; Die stete Aus- und Weiterbildung ist f\u00fcr die pers\u00f6nliche Weiterentwicklung sehr wichtig. Bildung gilt massgeblich f\u00fcr individuelle Lebenschancen.&nbsp; Sie soll die Pers\u00f6nlichkeit entwickeln und ein erf\u00fclltes Leben erm\u00f6glichen. Bildung ist ein pers\u00f6nliches Konstrukt aus Wissen, Intellektualit\u00e4t und Kultiviertheit, welches sich zu gegebenen Zeiten dank Flexibilit\u00e4t weiterentwickeln kann. Es hat auch mein&hellip;&nbsp;<a href=\"https:\/\/www.logotherapie-bodensee.ch\/?page_id=48\" class=\"\" rel=\"bookmark\">Weiterlesen &raquo;<span class=\"screen-reader-text\">Pers\u00f6nliche Daten<\/span><\/a><\/p>\n","protected":false},"author":1,"featured_media":0,"parent":210,"menu_order":0,"comment_status":"closed","ping_status":"closed","template":"","meta":{"neve_meta_sidebar":"","neve_meta_container":"","neve_meta_enable_content_width":"","neve_meta_content_width":0,"neve_meta_title_alignment":"","neve_meta_author_avatar":"","neve_post_elements_order":"","neve_meta_disable_header":"","neve_meta_disable_footer":"","neve_meta_disable_title":"","footnotes":""},"class_list":["post-48","page","type-page","status-publish","hentry"],"_links":{"self":[{"href":"https:\/\/www.logotherapie-bodensee.ch\/index.php?rest_route=\/wp\/v2\/pages\/48","targetHints":{"allow":["GET"]}}],"collection":[{"href":"https:\/\/www.logotherapie-bodensee.ch\/index.php?rest_route=\/wp\/v2\/pages"}],"about":[{"href":"https:\/\/www.logotherapie-bodensee.ch\/index.php?rest_route=\/wp\/v2\/types\/page"}],"author":[{"embeddable":true,"href":"https:\/\/www.logotherapie-bodensee.ch\/index.php?rest_route=\/wp\/v2\/users\/1"}],"replies":[{"embeddable":true,"href":"https:\/\/www.logotherapie-bodensee.ch\/index.php?rest_route=%2Fwp%2Fv2%2Fcomments&post=48"}],"version-history":[{"count":26,"href":"https:\/\/www.logotherapie-bodensee.ch\/index.php?rest_route=\/wp\/v2\/pages\/48\/revisions"}],"predecessor-version":[{"id":1556,"href":"https:\/\/www.logotherapie-bodensee.ch\/index.php?rest_route=\/wp\/v2\/pages\/48\/revisions\/1556"}],"up":[{"embeddable":true,"href":"https:\/\/www.logotherapie-bodensee.ch\/index.php?rest_route=\/wp\/v2\/pages\/210"}],"wp:attachment":[{"href":"https:\/\/www.logotherapie-bodensee.ch\/index.php?rest_route=%2Fwp%2Fv2%2Fmedia&parent=48"}],"curies":[{"name":"wp","href":"https:\/\/api.w.org\/{rel}","templated":true}]}}