{"id":74,"date":"2023-02-05T09:42:33","date_gmt":"2023-02-05T09:42:33","guid":{"rendered":"https:\/\/helmutpatzer.it9cloud.ch\/?page_id=74"},"modified":"2025-08-02T14:01:46","modified_gmt":"2025-08-02T14:01:46","slug":"interessante-buecher","status":"publish","type":"page","link":"https:\/\/www.logotherapie-bodensee.ch\/?page_id=74","title":{"rendered":"Interessante B\u00fccher"},"content":{"rendered":"\n<div class=\"wp-block-group\"><div class=\"wp-block-group__inner-container is-layout-constrained wp-block-group-is-layout-constrained\">\n<p>Es ist wichtig zu wissen, <strong>wie <\/strong>es zu einem Energiemangel kommen kann und <strong>wie<\/strong> wir ihn vermeiden k\u00f6nnen. Wer in seinem Leben zum inneren und \u00e4usseren Gleichgewicht findet, hat viel gr\u00f6ssere Chancen, pers\u00f6nlich und sozial seinen eigenen Weg zu gehen.<\/p>\n\n\n\n<p class=\"has-medium-font-size\"><strong>Der Mangel an Lebensenergie ist die Hauptursache aller Lebenskrisen.<\/strong><\/p>\n\n\n\n<p>Ein Leben nach dem Rhythmus der Natur kann jeder Mensch ein Wunder erwarten, denn Lebensenergie-Mangel ist h\u00e4ufig auch die Ursache vieler Krankheiten. Als Wunder werden vor allem positive, jedoch unerkl\u00e4rbare Geschehnisse bezeichnet.<\/p>\n<\/div><\/div>\n\n\n\n<div class=\"wp-block-columns is-layout-flex wp-container-core-columns-is-layout-9d6595d7 wp-block-columns-is-layout-flex\">\n<div class=\"wp-block-column is-layout-flow wp-block-column-is-layout-flow\">\n<figure class=\"wp-block-image size-full\"><img loading=\"lazy\" decoding=\"async\" width=\"592\" height=\"434\" src=\"https:\/\/www.logotherapie-bodensee.ch\/wp-content\/uploads\/2024\/09\/pngwing.com24.png\" alt=\"\" class=\"wp-image-1126\" srcset=\"https:\/\/www.logotherapie-bodensee.ch\/wp-content\/uploads\/2024\/09\/pngwing.com24.png 592w, https:\/\/www.logotherapie-bodensee.ch\/wp-content\/uploads\/2024\/09\/pngwing.com24-300x220.png 300w\" sizes=\"auto, (max-width: 592px) 100vw, 592px\" \/><\/figure>\n\n\n\n<h3 class=\"wp-block-heading\"><strong>Erwarte ein Wunder<\/strong><\/h3>\n\n\n\n<p><strong>Bei William Burkhardt<\/strong>&nbsp; kaufte ich das Buch \u201e<strong> Erwarte ein Wunder\u201c<\/strong> von G\u00fcnther Mayer, PAZA-Verlag,&nbsp; <strong>ISBN<\/strong>&nbsp; 3-9808783-0-9. Die im Buch beschriebenen Lebensenergien sind eine Aufforderung an uns Menschen, unser Leben bewusster nach der Ordnung und nach den Regeln der Natur zu leben. Mit einer realistischen Einstellung zum Leben und einem ausgeglichenen Schlafverm\u00f6gen im Sinne einer Ruhe- und Entspannungsphase&nbsp; f\u00f6rdern wir unser energetisches Gleichgewicht. Mit&nbsp; einem hohen Lebensenergie-Niveau k\u00f6nnen wir die k\u00f6rperliche, psychische und geistige Leistungsf\u00e4higkeit verbessern.<\/p>\n\n\n\n<div class=\"wp-block-buttons is-layout-flex wp-block-buttons-is-layout-flex\"><\/div>\n\n\n\n<div style=\"height:30px\" aria-hidden=\"true\" class=\"wp-block-spacer\"><\/div>\n<\/div>\n\n\n\n<div class=\"wp-block-column is-layout-flow wp-block-column-is-layout-flow\">\n<figure class=\"wp-block-image size-full is-resized\"><img loading=\"lazy\" decoding=\"async\" width=\"824\" height=\"693\" src=\"https:\/\/www.logotherapie-bodensee.ch\/wp-content\/uploads\/2024\/09\/pngwing.com25.png\" alt=\"\" class=\"wp-image-1127\" style=\"width:509px;height:auto\" srcset=\"https:\/\/www.logotherapie-bodensee.ch\/wp-content\/uploads\/2024\/09\/pngwing.com25.png 824w, https:\/\/www.logotherapie-bodensee.ch\/wp-content\/uploads\/2024\/09\/pngwing.com25-300x252.png 300w, https:\/\/www.logotherapie-bodensee.ch\/wp-content\/uploads\/2024\/09\/pngwing.com25-768x646.png 768w\" sizes=\"auto, (max-width: 824px) 100vw, 824px\" \/><\/figure>\n\n\n\n<h3 class=\"wp-block-heading\"><strong>Die sieben Bausteine der Natur<\/strong><\/h3>\n\n\n\n<p>Psychohygiene, Ern\u00e4hrung, Bewegung, Luft- und Wasserqualit\u00e4t, Erd-Magnet-Energie, Sonnen-Licht-Energie. Ein Leben, das sich auf diesen S\u00e4ulen st\u00fctzt, eine Lebensweise, die sich an der Ordnung und am Rhythmus der Natur orientiert, wird uns immer im \u00dcberfluss mit Lebenskraft versorgen.<br>Deshalb ist es wichtig zu wissen, <strong>wie <\/strong>es zu einem Energiemangel kommen kann und <strong>wie<\/strong> wir ihn vermeiden k\u00f6nnen. Wer in seinem Leben zum inneren und \u00e4usseren Gleichgewicht findet, hat viel gr\u00f6ssere Chancen, pers\u00f6nlich und sozial seinen eigenen Weg zu gehen.<\/p>\n\n\n\n<div class=\"wp-block-buttons is-layout-flex wp-block-buttons-is-layout-flex\"><\/div>\n\n\n\n<div style=\"height:30px\" aria-hidden=\"true\" class=\"wp-block-spacer\"><\/div>\n<\/div>\n<\/div>\n\n\n\n<div class=\"wp-block-columns is-layout-flex wp-container-core-columns-is-layout-9d6595d7 wp-block-columns-is-layout-flex\">\n<div class=\"wp-block-column is-layout-flow wp-block-column-is-layout-flow\">\n<figure class=\"wp-block-pullquote\"><blockquote><p><\/p><\/blockquote><\/figure>\n<\/div>\n\n\n\n<div class=\"wp-block-column is-layout-flow wp-block-column-is-layout-flow\">\n<figure class=\"wp-block-pullquote\"><blockquote><p><\/p><\/blockquote><\/figure>\n<\/div>\n<\/div>\n\n\n\n<p class=\"has-text-align-center has-large-font-size\"><strong>Weitere interessante B\u00fccher<\/strong><\/p>\n\n\n\n<div class=\"wp-block-media-text alignwide has-media-on-the-right is-stacked-on-mobile is-vertically-aligned-center has-background\" style=\"background-color:#f1f5c7;grid-template-columns:auto 28%\"><div class=\"wp-block-media-text__content\">\n<div class=\"wp-block-group\" style=\"padding-top:2em;padding-right:2em;padding-bottom:2em;padding-left:2em\"><div class=\"wp-block-group__inner-container is-layout-flow wp-block-group-is-layout-flow\">\n<p class=\"has-text-align-left\" style=\"font-size:36px;line-height:1.2\"><strong><strong>&#8220;Die Kraft des positiven Denkens<\/strong><\/strong>&#8220;<\/p>\n\n\n\n<p class=\"has-extra-small-font-size\">Das Buch von Norman Vincent Peale, \u00fcbersetzt aus dem Amerikanischen von Ernst Steiger,&nbsp; Januar 1992, &nbsp;\u201eDie Kraft des positiven Denkens\u201c Band 66223, <strong>ISBN&nbsp;<\/strong> 3-404-66223-7&nbsp; hat seinerzeit f\u00fcr grosses Aufsehen gesorgt, ist meiner Meinung nach auch heute noch eine bew\u00e4hrte Kraftquelle. Dieses Buch vertritt nicht irgendeine weltfremde Philosophie. Norman Vincent Peale&nbsp; beweist anhand einer grossen Zahl von Beispielen, dass eine ganz bestimmte Geisteshaltung, tats\u00e4chlich unser Leben ver\u00e4ndern und scheinbar unbezwingbare Hindernisse \u00fcberwinden kann. Sein Rezept f\u00fcr ein erf\u00fclltes und reiches Leben: Vertrauen Sie auf die Kraft einer positiven Lebenseinstellung.<\/p>\n<\/div><\/div>\n<\/div><figure class=\"wp-block-media-text__media\"><img loading=\"lazy\" decoding=\"async\" width=\"1000\" height=\"609\" src=\"https:\/\/www.logotherapie-bodensee.ch\/wp-content\/uploads\/2023\/02\/book.png\" alt=\"\" class=\"wp-image-122 size-full\" srcset=\"https:\/\/www.logotherapie-bodensee.ch\/wp-content\/uploads\/2023\/02\/book.png 1000w, https:\/\/www.logotherapie-bodensee.ch\/wp-content\/uploads\/2023\/02\/book-300x183.png 300w, https:\/\/www.logotherapie-bodensee.ch\/wp-content\/uploads\/2023\/02\/book-768x468.png 768w\" sizes=\"auto, (max-width: 1000px) 100vw, 1000px\" \/><\/figure><\/div>\n\n\n\n<p><\/p>\n\n\n\n<div class=\"wp-block-media-text alignwide is-stacked-on-mobile is-vertically-aligned-center has-background\" style=\"background-color:#f1f5c7;grid-template-columns:28% auto\"><figure class=\"wp-block-media-text__media\"><img loading=\"lazy\" decoding=\"async\" width=\"1000\" height=\"609\" src=\"https:\/\/www.logotherapie-bodensee.ch\/wp-content\/uploads\/2023\/02\/book.png\" alt=\"\" class=\"wp-image-122 size-full\" srcset=\"https:\/\/www.logotherapie-bodensee.ch\/wp-content\/uploads\/2023\/02\/book.png 1000w, https:\/\/www.logotherapie-bodensee.ch\/wp-content\/uploads\/2023\/02\/book-300x183.png 300w, https:\/\/www.logotherapie-bodensee.ch\/wp-content\/uploads\/2023\/02\/book-768x468.png 768w\" sizes=\"auto, (max-width: 1000px) 100vw, 1000px\" \/><\/figure><div class=\"wp-block-media-text__content\">\n<div class=\"wp-block-group\" style=\"padding-top:2em;padding-right:2em;padding-bottom:2em;padding-left:2em\"><div class=\"wp-block-group__inner-container is-layout-flow wp-block-group-is-layout-flow\">\n<p class=\"has-text-align-right\" style=\"font-size:36px;line-height:1.2\"><strong>\u201eGesundheit als Weg\u201c<\/strong><\/p>\n\n\n\n<p class=\"has-text-align-right has-extra-small-font-size\">Die 1. Auflage April 2009 der Schweizer Ausgabe&nbsp; von G\u00fcnther Mayer \/ William Burkhardt, &nbsp;\u201eGesundheit als Weg\u201c, &nbsp;ist&nbsp; bis einschliesslich Seite 307 identisch mit dem Basiswerk&nbsp; \u201eGib der Gesundheit eine Chance\u201c&nbsp; von G\u00fcnther Mayer. Ab dem Kapitel 9 ( Seite 308 ) wurde der Inhalt von William Burkhardt nach seinen pers\u00f6nlichen Erfahrungen, Einstellungen und nach den spezifischen Gegebenheiten der Schweiz modifiziert. In allgemein verst\u00e4ndlicher Form bieten sie verbl\u00fcffend einfache, dennoch \u00fcberzeugende Einsichten \u00fcber die Entstehung von Krankheiten an, und geben einen konkreten Leitfaden zur Erhaltung und F\u00f6rderung von Gesundheit. Nutzen Sie Ihr Gesundheits-Potential, es ist viel gr\u00f6sser als Sie denken, Herausgegeben im PAZA-Verlag,<strong> ISBN<\/strong>&nbsp; 978-3-9808783-5-7<\/p>\n<\/div><\/div>\n<\/div><\/div>\n\n\n\n<p><\/p>\n\n\n\n<div class=\"wp-block-media-text alignwide has-media-on-the-right is-stacked-on-mobile is-vertically-aligned-center has-background\" style=\"background-color:#f1f5c7;grid-template-columns:auto 28%\"><div class=\"wp-block-media-text__content\">\n<div class=\"wp-block-group\" style=\"padding-top:2em;padding-right:2em;padding-bottom:2em;padding-left:2em\"><div class=\"wp-block-group__inner-container is-layout-flow wp-block-group-is-layout-flow\">\n<p class=\"has-text-align-left\" style=\"font-size:36px;line-height:1.2\"><strong>\u201eSatt, Schlank, Gesund\u201c<\/strong><\/p>\n\n\n\n<p class=\"has-extra-small-font-size\"><strong>Das Buch<\/strong> von Dr. Detlef Pape \u2013 Dr. Rudolf Schwarz \u2013 Helmut Gillessen,&nbsp; <strong>\u201eSatt, Schlank, Gesund\u201c, <\/strong>&nbsp;das Ern\u00e4hrungs-Praxisbuch nach dem Insulinprinzip, herausgegeben&nbsp; Deutscher \u00c4rzte-Verlag, <strong>ISBN&nbsp; <\/strong>978-3-7691-0432-5&nbsp; Nachdruck 2007, zum Abnehmen und Gewicht halten. Entgehen Sie so der \u00fcbergewichte-verursachenden \u201eInsulinfalle\u201c und dem \u201e t\u00f6dlichen Quartett \u201e&nbsp; \u00dcbergewichtigkeit,Bluthochdruck, Fettstoffwechselst\u00f6rungen und Zuckerkrankheit \u2026&nbsp; mit den m\u00f6glichen Folgen von Schlaganfall, Herzinfarkt, Beinarterienverschl\u00fcsse\u2026\u2026..<\/p>\n<\/div><\/div>\n<\/div><figure class=\"wp-block-media-text__media\"><img loading=\"lazy\" decoding=\"async\" width=\"1000\" height=\"609\" src=\"https:\/\/www.logotherapie-bodensee.ch\/wp-content\/uploads\/2023\/02\/book.png\" alt=\"\" class=\"wp-image-122 size-full\" srcset=\"https:\/\/www.logotherapie-bodensee.ch\/wp-content\/uploads\/2023\/02\/book.png 1000w, https:\/\/www.logotherapie-bodensee.ch\/wp-content\/uploads\/2023\/02\/book-300x183.png 300w, https:\/\/www.logotherapie-bodensee.ch\/wp-content\/uploads\/2023\/02\/book-768x468.png 768w\" sizes=\"auto, (max-width: 1000px) 100vw, 1000px\" \/><\/figure><\/div>\n\n\n\n<p><\/p>\n\n\n\n<div class=\"wp-block-media-text alignwide is-stacked-on-mobile is-vertically-aligned-center has-background\" style=\"background-color:#f1f5c7;grid-template-columns:28% auto\"><figure class=\"wp-block-media-text__media\"><img loading=\"lazy\" decoding=\"async\" width=\"1000\" height=\"609\" src=\"https:\/\/www.logotherapie-bodensee.ch\/wp-content\/uploads\/2023\/02\/book.png\" alt=\"\" class=\"wp-image-122 size-full\" srcset=\"https:\/\/www.logotherapie-bodensee.ch\/wp-content\/uploads\/2023\/02\/book.png 1000w, https:\/\/www.logotherapie-bodensee.ch\/wp-content\/uploads\/2023\/02\/book-300x183.png 300w, https:\/\/www.logotherapie-bodensee.ch\/wp-content\/uploads\/2023\/02\/book-768x468.png 768w\" sizes=\"auto, (max-width: 1000px) 100vw, 1000px\" \/><\/figure><div class=\"wp-block-media-text__content\">\n<div class=\"wp-block-group\" style=\"padding-top:2em;padding-right:2em;padding-bottom:2em;padding-left:2em\"><div class=\"wp-block-group__inner-container is-layout-flow wp-block-group-is-layout-flow\">\n<p class=\"has-text-align-right\" style=\"font-size:36px;line-height:1.2\"><strong><strong>\u201eIntelligente Zellen\u201c<\/strong><\/strong><\/p>\n\n\n\n<p class=\"has-text-align-right has-extra-small-font-size\">Das in 4. Auflage 2007 erscheinende <strong>Buch<\/strong> von Bruce H. Lipton, Ph.D. <strong>\u201e Intelligente Zellen\u201c, <\/strong>&nbsp;wie Erfahrungen unsere Gene steuern, im Abschnitt 5&nbsp; wird unter anderem die Biologie tiefer \u00dcberzeugungen und die Macht der Gedanken behandelt, im KOHA-Verlag, <strong>ISBN<\/strong>&nbsp; 978-3936862-88-1<\/p>\n<\/div><\/div>\n<\/div><\/div>\n\n\n\n<p><\/p>\n\n\n\n<div class=\"wp-block-media-text alignwide has-media-on-the-right is-stacked-on-mobile is-vertically-aligned-center has-background\" style=\"background-color:#f1f5c7;grid-template-columns:auto 28%\"><div class=\"wp-block-media-text__content\">\n<div class=\"wp-block-group\" style=\"padding-top:2em;padding-right:2em;padding-bottom:2em;padding-left:2em\"><div class=\"wp-block-group__inner-container is-layout-flow wp-block-group-is-layout-flow\">\n<p class=\"has-text-align-left\" style=\"font-size:36px;line-height:1.2\"><strong><strong>\u201eGesundheit ist machbar\u201c<\/strong><\/strong><\/p>\n\n\n\n<p class=\"has-extra-small-font-size\"><strong>Das Buch<\/strong> von Dr. med. Matthias Rath&nbsp; <strong>\u201e Gesundheit ist machbar\u201c, <\/strong>&nbsp;&nbsp;informiert \u00fcber Erfolgsberichte der Zellular Medizin, das Ende von Volkskrankheiten, Patienten holen sich ihre Gesundheit zur\u00fcck, die Menschheit befreit sich vom Joch der Pharmaindustrie, MR Verlag, <strong>ISBN<\/strong>&nbsp; 90-76332-04-5<\/p>\n<\/div><\/div>\n<\/div><figure class=\"wp-block-media-text__media\"><img loading=\"lazy\" decoding=\"async\" width=\"1000\" height=\"609\" src=\"https:\/\/www.logotherapie-bodensee.ch\/wp-content\/uploads\/2023\/02\/book.png\" alt=\"\" class=\"wp-image-122 size-full\" srcset=\"https:\/\/www.logotherapie-bodensee.ch\/wp-content\/uploads\/2023\/02\/book.png 1000w, https:\/\/www.logotherapie-bodensee.ch\/wp-content\/uploads\/2023\/02\/book-300x183.png 300w, https:\/\/www.logotherapie-bodensee.ch\/wp-content\/uploads\/2023\/02\/book-768x468.png 768w\" sizes=\"auto, (max-width: 1000px) 100vw, 1000px\" \/><\/figure><\/div>\n\n\n\n<p><\/p>\n\n\n\n<div class=\"wp-block-media-text alignwide is-stacked-on-mobile is-vertically-aligned-center has-background\" style=\"background-color:#f1f5c7;grid-template-columns:28% auto\"><figure class=\"wp-block-media-text__media\"><img loading=\"lazy\" decoding=\"async\" width=\"1000\" height=\"609\" src=\"https:\/\/www.logotherapie-bodensee.ch\/wp-content\/uploads\/2023\/02\/book.png\" alt=\"\" class=\"wp-image-122 size-full\" srcset=\"https:\/\/www.logotherapie-bodensee.ch\/wp-content\/uploads\/2023\/02\/book.png 1000w, https:\/\/www.logotherapie-bodensee.ch\/wp-content\/uploads\/2023\/02\/book-300x183.png 300w, https:\/\/www.logotherapie-bodensee.ch\/wp-content\/uploads\/2023\/02\/book-768x468.png 768w\" sizes=\"auto, (max-width: 1000px) 100vw, 1000px\" \/><\/figure><div class=\"wp-block-media-text__content\">\n<div class=\"wp-block-group\" style=\"padding-top:2em;padding-right:2em;padding-bottom:2em;padding-left:2em\"><div class=\"wp-block-group__inner-container is-layout-flow wp-block-group-is-layout-flow\">\n<p class=\"has-text-align-right\" style=\"font-size:36px;line-height:1.2\"><strong><strong><strong>\u201eErn\u00e4hrung f\u00fcr Mensch und Erde\u201c<\/strong><\/strong><\/strong><\/p>\n\n\n\n<p class=\"has-text-align-right has-extra-small-font-size\">Aus dem <strong>Buch <\/strong>von Christian Opitz <strong>\u201e Ern\u00e4hrung f\u00fcr Mensch und Erde\u201c, <\/strong>&nbsp;als Grundlagen einer neuen Ethik des Essens erfahren sie mehr, Hans-Nitsch-Verlag, 4. Auflage 1998, <strong>ISBN<\/strong>&nbsp; 3-929475-07-3<\/p>\n<\/div><\/div>\n<\/div><\/div>\n\n\n\n<p><\/p>\n\n\n\n<div class=\"wp-block-media-text alignwide has-media-on-the-right is-stacked-on-mobile is-vertically-aligned-center has-background\" style=\"background-color:#f1f5c7;grid-template-columns:auto 28%\"><div class=\"wp-block-media-text__content\">\n<div class=\"wp-block-group\" style=\"padding-top:2em;padding-right:2em;padding-bottom:2em;padding-left:2em\"><div class=\"wp-block-group__inner-container is-layout-flow wp-block-group-is-layout-flow\">\n<p class=\"has-text-align-left\" style=\"font-size:36px;line-height:1.2\"><strong><strong><strong>\u201eVom Segen der Nahrung\u201c<\/strong><\/strong><\/strong><\/p>\n\n\n\n<p class=\"has-extra-small-font-size\"><strong>Das Buch<\/strong> von Marc David <strong>\u201e Vom Segen der Nahrung\u201c, <\/strong>&nbsp;das erste ganzheitliche Konzept des Essens, beschreibt auch psychologische Aspekte der Ern\u00e4hrung, Ansata-Verlag, <strong>ISBN<\/strong>&nbsp; 3-7157-0162-5<\/p>\n<\/div><\/div>\n<\/div><figure class=\"wp-block-media-text__media\"><img loading=\"lazy\" decoding=\"async\" width=\"1000\" height=\"609\" src=\"https:\/\/www.logotherapie-bodensee.ch\/wp-content\/uploads\/2023\/02\/book.png\" alt=\"\" class=\"wp-image-122 size-full\" srcset=\"https:\/\/www.logotherapie-bodensee.ch\/wp-content\/uploads\/2023\/02\/book.png 1000w, https:\/\/www.logotherapie-bodensee.ch\/wp-content\/uploads\/2023\/02\/book-300x183.png 300w, https:\/\/www.logotherapie-bodensee.ch\/wp-content\/uploads\/2023\/02\/book-768x468.png 768w\" sizes=\"auto, (max-width: 1000px) 100vw, 1000px\" \/><\/figure><\/div>\n\n\n\n<p><\/p>\n\n\n\n<div class=\"wp-block-media-text alignwide is-stacked-on-mobile is-vertically-aligned-center has-background\" style=\"background-color:#f1f5c7;grid-template-columns:28% auto\"><figure class=\"wp-block-media-text__media\"><img loading=\"lazy\" decoding=\"async\" width=\"1000\" height=\"609\" src=\"https:\/\/www.logotherapie-bodensee.ch\/wp-content\/uploads\/2023\/02\/book.png\" alt=\"\" class=\"wp-image-122 size-full\" srcset=\"https:\/\/www.logotherapie-bodensee.ch\/wp-content\/uploads\/2023\/02\/book.png 1000w, https:\/\/www.logotherapie-bodensee.ch\/wp-content\/uploads\/2023\/02\/book-300x183.png 300w, https:\/\/www.logotherapie-bodensee.ch\/wp-content\/uploads\/2023\/02\/book-768x468.png 768w\" sizes=\"auto, (max-width: 1000px) 100vw, 1000px\" \/><\/figure><div class=\"wp-block-media-text__content\">\n<div class=\"wp-block-group\" style=\"padding-top:2em;padding-right:2em;padding-bottom:2em;padding-left:2em\"><div class=\"wp-block-group__inner-container is-layout-flow wp-block-group-is-layout-flow\">\n<p class=\"has-text-align-right\" style=\"font-size:36px;line-height:1.2\"><strong><strong><strong><strong>\u201eDie Heilkraft der Afa-Alge\u201c<\/strong><\/strong><\/strong><\/strong><\/p>\n\n\n\n<p class=\"has-text-align-right has-extra-small-font-size\"><strong>Das Buch<\/strong> von Barbara Simonson <strong>\u201e Die Heilkraft der Afa-Alge\u201c,<\/strong> die Vitalit\u00e4t f\u00fcr K\u00f6rper und Geist durch ein Ur-Heilmittel ist zurzeit bei mir der interessanteste Lesestoff, Originalausgabe Juli 2000,<br>Wilhelm Golamann Verlag,<strong> ISBN<\/strong>&nbsp; 3-442-14189-3<\/p>\n<\/div><\/div>\n<\/div><\/div>\n\n\n\n<p><\/p>\n\n\n\n<div class=\"wp-block-media-text alignwide has-media-on-the-right is-stacked-on-mobile is-vertically-aligned-center has-background\" style=\"background-color:#f1f5c7;grid-template-columns:auto 28%\"><div class=\"wp-block-media-text__content\">\n<div class=\"wp-block-group\" style=\"padding-top:2em;padding-right:2em;padding-bottom:2em;padding-left:2em\"><div class=\"wp-block-group__inner-container is-layout-flow wp-block-group-is-layout-flow\">\n<p class=\"has-text-align-left\" style=\"font-size:36px;line-height:1.2\"><strong><strong><strong><strong>\u201eDie Botschaft des Wassers\u201c<\/strong><\/strong><\/strong><\/strong><\/p>\n\n\n\n<p class=\"has-extra-small-font-size\"><strong>Das Buch<\/strong> von Masaru Emoto <strong>\u201e Die Botschaft des Wassers\u201c,&nbsp; <\/strong>Sensationelle Bilder von gefrorenen Wasserkristallen<strong>,<\/strong> zeigt die lebenswichtige Bedeutung des Wassers auf,&nbsp; KOHA-Verlag,<br><strong>ISBN<\/strong>&nbsp; 978-3-929512-21-2<\/p>\n<\/div><\/div>\n<\/div><figure class=\"wp-block-media-text__media\"><img loading=\"lazy\" decoding=\"async\" width=\"1000\" height=\"609\" src=\"https:\/\/www.logotherapie-bodensee.ch\/wp-content\/uploads\/2023\/02\/book.png\" alt=\"\" class=\"wp-image-122 size-full\" srcset=\"https:\/\/www.logotherapie-bodensee.ch\/wp-content\/uploads\/2023\/02\/book.png 1000w, https:\/\/www.logotherapie-bodensee.ch\/wp-content\/uploads\/2023\/02\/book-300x183.png 300w, https:\/\/www.logotherapie-bodensee.ch\/wp-content\/uploads\/2023\/02\/book-768x468.png 768w\" sizes=\"auto, (max-width: 1000px) 100vw, 1000px\" \/><\/figure><\/div>\n\n\n\n<p><\/p>\n\n\n\n<div class=\"wp-block-media-text alignwide is-stacked-on-mobile is-vertically-aligned-center has-background\" style=\"background-color:#f1f5c7;grid-template-columns:28% auto\"><figure class=\"wp-block-media-text__media\"><img loading=\"lazy\" decoding=\"async\" width=\"1000\" height=\"609\" src=\"https:\/\/www.logotherapie-bodensee.ch\/wp-content\/uploads\/2023\/02\/book.png\" alt=\"\" class=\"wp-image-122 size-full\" srcset=\"https:\/\/www.logotherapie-bodensee.ch\/wp-content\/uploads\/2023\/02\/book.png 1000w, https:\/\/www.logotherapie-bodensee.ch\/wp-content\/uploads\/2023\/02\/book-300x183.png 300w, https:\/\/www.logotherapie-bodensee.ch\/wp-content\/uploads\/2023\/02\/book-768x468.png 768w\" sizes=\"auto, (max-width: 1000px) 100vw, 1000px\" \/><\/figure><div class=\"wp-block-media-text__content\">\n<div class=\"wp-block-group\" style=\"padding-top:2em;padding-right:2em;padding-bottom:2em;padding-left:2em\"><div class=\"wp-block-group__inner-container is-layout-flow wp-block-group-is-layout-flow\">\n<p class=\"has-text-align-right\" style=\"font-size:36px;line-height:1.2\"><strong><strong><strong><strong><strong>\u201eDie zehn Gebote\u201c<\/strong><\/strong><\/strong><\/strong><\/strong><\/p>\n\n\n\n<p class=\"has-text-align-right has-extra-small-font-size\">Das Buch von Mathias Schreiber \u201eDie zehn Gebote\u201c, Eine Ethik f\u00fcr heute, ein Auszug: \u201eDie Natur ist ein anhaltender Sch\u00f6pfungsprozess\u201c. Dass die Menschen \u00fcberhaupt, als einzige Lebewesen der Natur, in dieser Weise eine ausdr\u00fccklich dialogische Moral der wechselseitigen Anerkennung und der R\u00fccksicht auf die Rechte ihrer Mitmenschen entwickeln k\u00f6nnen- was in Wahrheit ihre Kulturf\u00e4higkeit ausmacht-, ist der wichtigste Gottesbeweis.\u201cDVA-Verlag,<strong> ISBN <\/strong>&nbsp;978-3-421-04486-0<\/p>\n<\/div><\/div>\n<\/div><\/div>\n\n\n\n<p><\/p>\n\n\n\n<div class=\"wp-block-media-text alignwide has-media-on-the-right is-stacked-on-mobile is-vertically-aligned-center has-background\" style=\"background-color:#f1f5c7;grid-template-columns:auto 28%\"><div class=\"wp-block-media-text__content\">\n<div class=\"wp-block-group\" style=\"padding-top:2em;padding-right:2em;padding-bottom:2em;padding-left:2em\"><div class=\"wp-block-group__inner-container is-layout-flow wp-block-group-is-layout-flow\">\n<p class=\"has-text-align-left\" style=\"font-size:36px;line-height:1.2\"><strong><strong><strong><strong><strong>\u201eSelbstmord und die Medien\u201c<\/strong><\/strong><\/strong><\/strong><\/strong><\/p>\n\n\n\n<p class=\"has-extra-small-font-size\">Das Buch von Boglarka Hadinger&nbsp; \u201eSelbstmord und die Medien\u201c, Empirische, historische und therapeutische Aspekte. Vorwort:&nbsp; Der Selbstmord ist eines der gr\u00f6ssten R\u00e4tsel, welches der Mensch dem Menschen aufgibt, ein unersch\u00f6pfliches Thema, das ungez\u00e4hlte Teilfacetten enth\u00e4lt, deren jede einzelne aber von&nbsp; gr\u00f6sster Bedeutung sein kann. Eine davon hat, gerade in den letzten Jahren, ein immer gr\u00f6sseres Gewicht erreicht, es ist n\u00e4mlich die Frage des Einflusses der Medien auf die Selbstt\u00f6tung. Der Selbstmord&nbsp; ist und bleibt wohl f\u00fcr alle Zeiten ein suggestives Ph\u00e4nomen. Er kann gleichsam von Mensch zu Mensch \u00fcberspringen, damit zu Nachahmungshandlungen verf\u00fchren, die schliesslich und endlich in mehr oder weniger grosse&nbsp; \u201eSelbstmordepidemien\u201c m\u00fcnden k\u00f6nnen. Verlag Lebenskunst, T\u00fcbingen, &nbsp;<strong>ISBN<\/strong>&nbsp; 3-9803664-0-5<\/p>\n<\/div><\/div>\n<\/div><figure class=\"wp-block-media-text__media\"><img loading=\"lazy\" decoding=\"async\" width=\"1000\" height=\"609\" src=\"https:\/\/www.logotherapie-bodensee.ch\/wp-content\/uploads\/2023\/02\/book.png\" alt=\"\" class=\"wp-image-122 size-full\" srcset=\"https:\/\/www.logotherapie-bodensee.ch\/wp-content\/uploads\/2023\/02\/book.png 1000w, https:\/\/www.logotherapie-bodensee.ch\/wp-content\/uploads\/2023\/02\/book-300x183.png 300w, https:\/\/www.logotherapie-bodensee.ch\/wp-content\/uploads\/2023\/02\/book-768x468.png 768w\" sizes=\"auto, (max-width: 1000px) 100vw, 1000px\" \/><\/figure><\/div>\n\n\n\n<p><\/p>\n\n\n\n<div class=\"wp-block-media-text alignwide is-stacked-on-mobile is-vertically-aligned-center has-background\" style=\"background-color:#f1f5c7;grid-template-columns:28% auto\"><figure class=\"wp-block-media-text__media\"><img loading=\"lazy\" decoding=\"async\" width=\"1000\" height=\"609\" src=\"https:\/\/www.logotherapie-bodensee.ch\/wp-content\/uploads\/2023\/02\/book.png\" alt=\"\" class=\"wp-image-122 size-full\" srcset=\"https:\/\/www.logotherapie-bodensee.ch\/wp-content\/uploads\/2023\/02\/book.png 1000w, https:\/\/www.logotherapie-bodensee.ch\/wp-content\/uploads\/2023\/02\/book-300x183.png 300w, https:\/\/www.logotherapie-bodensee.ch\/wp-content\/uploads\/2023\/02\/book-768x468.png 768w\" sizes=\"auto, (max-width: 1000px) 100vw, 1000px\" \/><\/figure><div class=\"wp-block-media-text__content\">\n<div class=\"wp-block-group\" style=\"padding-top:2em;padding-right:2em;padding-bottom:2em;padding-left:2em\"><div class=\"wp-block-group__inner-container is-layout-flow wp-block-group-is-layout-flow\">\n<p class=\"has-text-align-right\" style=\"font-size:36px;line-height:1.2\"><strong><strong><strong><strong><strong><strong>\u201eBegeisterung f\u00fcr das Leben\u201c<\/strong><\/strong><\/strong><\/strong><\/strong><\/strong><\/p>\n\n\n\n<p class=\"has-text-align-right has-extra-small-font-size\"><strong>Das Buch<\/strong> von Uwe B\u00f6schemeyer&nbsp; <strong>\u201eBegeisterung f\u00fcr das Leben\u201c, <\/strong>Die Kraft deiner Gedanken. Was sind Gedanken, was ist Denken?&nbsp; \u201e In diesem Buch kann ich auf diese grosse Frage nur eine bescheidene, vielleicht aber wesentliche Antwort geben. Denn zu vielf\u00e4ltig sind die Meinungen der Philosophen und Psychologen zu diesem Thema, als dass sie sich kurz zusammenfassen liessen. Und da es hier um Lebensfragen geht, darf ich mich mit der folgenden Antwort begn\u00fcgen. <strong>Denken<\/strong> ist Ausdruck der Spontaneit\u00e4t und Produktivit\u00e4t des menschlichen Geistes.<strong> Gedanken<\/strong> sind die einzelnen Elemente des Denkens, die sich im Zwiegespr\u00e4ch des Geistes mit sich selbst entwickeln. Die mit dem Denken verbundene prim\u00e4re M\u00f6glichkeit besteht im Kl\u00e4ren und Ordnen des Lebens. Und immer, wenn ein Mensch die Wirklichkeit durchdenkt, schafft er sich eine&nbsp; wesentliche Voraussetzung daf\u00fcr, Sinn im Leben finden zu k\u00f6nnen\u201c.&nbsp;&nbsp; Ellert &amp; Richter Verlag GmbH, Hamburg&nbsp;&nbsp;<br><strong>ISBN <\/strong>&nbsp;978-3-8319-0529-4<\/p>\n<\/div><\/div>\n<\/div><\/div>\n\n\n\n<p><\/p>\n\n\n\n<p><\/p>\n\n\n\n<div class=\"wp-block-buttons is-content-justification-center is-layout-flex wp-container-core-buttons-is-layout-16018d1d wp-block-buttons-is-layout-flex\">\n<div class=\"wp-block-button\"><a class=\"wp-block-button__link wp-element-button\" href=\"#neve_body\">Nach oben<\/a><\/div>\n<\/div>\n","protected":false},"excerpt":{"rendered":"<p>Es ist wichtig zu wissen, wie es zu einem Energiemangel kommen kann und wie wir ihn vermeiden k\u00f6nnen. Wer in seinem Leben zum inneren und \u00e4usseren Gleichgewicht findet, hat viel gr\u00f6ssere Chancen, pers\u00f6nlich und sozial seinen eigenen Weg zu gehen. Der Mangel an Lebensenergie ist die Hauptursache aller Lebenskrisen. Ein Leben nach dem Rhythmus der&hellip;&nbsp;<a href=\"https:\/\/www.logotherapie-bodensee.ch\/?page_id=74\" class=\"\" rel=\"bookmark\">Weiterlesen &raquo;<span class=\"screen-reader-text\">Interessante B\u00fccher<\/span><\/a><\/p>\n","protected":false},"author":1,"featured_media":0,"parent":69,"menu_order":0,"comment_status":"closed","ping_status":"closed","template":"","meta":{"neve_meta_sidebar":"","neve_meta_container":"","neve_meta_enable_content_width":"","neve_meta_content_width":0,"neve_meta_title_alignment":"","neve_meta_author_avatar":"","neve_post_elements_order":"","neve_meta_disable_header":"","neve_meta_disable_footer":"","neve_meta_disable_title":"","footnotes":""},"class_list":["post-74","page","type-page","status-publish","hentry"],"_links":{"self":[{"href":"https:\/\/www.logotherapie-bodensee.ch\/index.php?rest_route=\/wp\/v2\/pages\/74","targetHints":{"allow":["GET"]}}],"collection":[{"href":"https:\/\/www.logotherapie-bodensee.ch\/index.php?rest_route=\/wp\/v2\/pages"}],"about":[{"href":"https:\/\/www.logotherapie-bodensee.ch\/index.php?rest_route=\/wp\/v2\/types\/page"}],"author":[{"embeddable":true,"href":"https:\/\/www.logotherapie-bodensee.ch\/index.php?rest_route=\/wp\/v2\/users\/1"}],"replies":[{"embeddable":true,"href":"https:\/\/www.logotherapie-bodensee.ch\/index.php?rest_route=%2Fwp%2Fv2%2Fcomments&post=74"}],"version-history":[{"count":15,"href":"https:\/\/www.logotherapie-bodensee.ch\/index.php?rest_route=\/wp\/v2\/pages\/74\/revisions"}],"predecessor-version":[{"id":1526,"href":"https:\/\/www.logotherapie-bodensee.ch\/index.php?rest_route=\/wp\/v2\/pages\/74\/revisions\/1526"}],"up":[{"embeddable":true,"href":"https:\/\/www.logotherapie-bodensee.ch\/index.php?rest_route=\/wp\/v2\/pages\/69"}],"wp:attachment":[{"href":"https:\/\/www.logotherapie-bodensee.ch\/index.php?rest_route=%2Fwp%2Fv2%2Fmedia&parent=74"}],"curies":[{"name":"wp","href":"https:\/\/api.w.org\/{rel}","templated":true}]}}