{"id":78,"date":"2023-02-06T11:36:54","date_gmt":"2023-02-06T11:36:54","guid":{"rendered":"https:\/\/helmutpatzer.it9cloud.ch\/?page_id=78"},"modified":"2025-08-21T14:21:59","modified_gmt":"2025-08-21T14:21:59","slug":"schritte-fuer-das-persoenliche-gleichgewicht","status":"publish","type":"page","link":"https:\/\/www.logotherapie-bodensee.ch\/?page_id=78","title":{"rendered":"Schritte f\u00fcr das pers\u00f6nliche Gleichgewicht"},"content":{"rendered":"\n<p class=\"has-medium-font-size\"><strong>Kleine Schritte f\u00fcr das pers\u00f6nliche Gleichgewicht sind&nbsp; zum Beispiel:<\/strong><\/p>\n\n\n\n<p class=\"has-medium-font-size\">Als Einzelkind konnte ich im R\u00fcckblick eine kindgerechte Erziehung erfahren. Meine Eltern waren f\u00fcr mich positiv gestimmte Vorbilder nach dem 2. Weltkrieg. &#8211; Nach der Schule mussten zuerst die Aufgaben erledigt werden. &#8211; Dann konnte ich mit Freunden eigenst\u00e4ndig die M\u00f6glichkeiten wie Freir\u00e4ume und F\u00e4higkeiten bis zum Eindunkeln entdecken und ausprobieren. &#8211; Meine Eltern hatten f\u00fcr mich logische und ethische Wertevorstellungen wie Liebe, Ehrlichkeit, Offenheit und Fleiss.<\/p>\n\n\n\n<p><\/p>\n\n\n\n<p style=\"font-size:20px\"><strong>Das erste Buch<\/strong>, das mein Vater mir schenkte war von <strong>Eugen Roth,<\/strong> dem popul\u00e4ren Deutschen Autor und Lyriker mit humoristischen Gedichten, Erz\u00e4hlungen und Versen; <strong>&#8220;Von Mensch zu Mensch&#8221;,<\/strong> 1945 erschienen im Carl Hanser Verlag, M\u00fcnchen. <strong>Eugen Roth <\/strong>wurde am 24. Januar 1895 in M\u00fcnchen geboren und starb am 28. April 1976 in M\u00fcnchen.<\/p>\n\n\n\n<p style=\"font-size:20px\"><strong>Hier sein kleiner Lebenslauf:<\/strong><\/p>\n\n\n\n<p style=\"font-size:20px\">&#8220;Ich kam im Jahr f\u00fcnfundneunzig zur Welt, am vierundzwanzigsten J\u00e4nner. Ich z\u00e4hle darum &#8211; wenn wer was drauf h\u00e4lt &#8211; unter die Wasserm\u00e4nner.  &#8211; Ich trieb mich als rechter Lausbub herum &#8211; das kann ich oft heut noch nicht lassen! Dann kam ich auf das Gymnasium und w\u00fcrgte mich durch die neun Klassen. &#8211; Das ich in M\u00fcnchen geboren bin, das dank ich dem g\u00fcnstigsten Sterne. Ich gehe auch nirgend anderswo hin: wer M\u00fcnchner ist, bleibt es auch gerne.<\/p>\n\n\n\n<p style=\"font-size:20px\">Ein bisschen kam ich in der Welt herum und wurde schon langsam \u00e4lter. Ich wollte, ich w\u00e4re noch feurig und dumm, jetzt bin ich kaum kl\u00fcger, doch k\u00e4lter. &#8211; Man m\u00f6chte von mir das Lustige nur, ich aber folg bis auf weiteres &#8211; dem Leben und meiner Natur und dichte bald Ernstes, bald Heitres.&#8221;<\/p>\n\n\n\n<p style=\"font-size:20px\"><strong>&#8220;Gem\u00fctsleiden&#8221;:<\/strong> Es k\u00f6nnen die Gem\u00fctskrankheiten nur, wo Gem\u00fct ist, sich verbreiten &#8211; drum gehen auch, zu unserm Gl\u00fcck, Gem\u00fctskrankheiten stark zur\u00fcck&#8221;. &#8211; <strong>&#8220;Holde T\u00e4uschung&#8221;:<\/strong> &#8211; Bei Nikotin und Alkohol &#8211; f\u00fchlt sich der Mensch besonders wohl. Und doch, es macht ihn nichts so hin, wie Alkohol und Nikotin. &#8211; <strong>&#8220;Mensch und Unmensch&#8221;:<\/strong> Wer tiefer nachdenkt, der erkennt &#8211; Mensch sein ist fast schon &#8211; Patient. Doch sind wohl aus demselben Grund &#8211; Unmenschen durchwegs kerngesund. &#8211; <strong>&#8220;Mitleid&#8221;:<\/strong> Das Mitleid kann, selbst echt und rein, mitunter falsch am Platze sein. &#8211; Mit Takt gilt es zu unterscheiden, was jeweils heilsam f\u00fcr ein Leiden. &#8211; ob H\u00e4ndedruck aufmunternd, stark, ob in die Hand gedr\u00fcckt &#8211; zehn Mark. &#8211; <strong>&#8220;Kunst&#8221;:<\/strong> Mitunter f\u00e4lscht wer, gar nicht schlecht, ein Krankheitsbild, als w\u00e4r es echt. &#8211; Dann wird, es richtig zu bewerten, der Doktor gar zu einem Kunstexperten.<\/p>\n\n\n\n<p style=\"font-size:20px\"><\/p>\n\n\n\n<h2 class=\"wp-block-heading has-large-font-size\"><\/h2>\n\n\n\n<p><\/p>\n\n\n\n<p><\/p>\n\n\n\n<p><\/p>\n\n\n\n<p style=\"font-size:25px\"><strong>Die Geschichte vom Baumwollfaden.<\/strong><\/p>\n\n\n\n<p class=\"has-medium-font-size\">Es war einmal ein kleiner Baumwollfaden, der hatte Angst, dass es nicht ausreichen k\u00f6nnte, so wie er war. <\/p>\n\n\n\n<p class=\"has-medium-font-size\">F\u00fcr ein Schiffstau bin ich zu schwach, sagte er. F\u00fcr einen Pullover bin ich zu kurz. An andere anzukn\u00fcpfen, dazu habe ich zu viele Hemmungen. <\/p>\n\n\n\n<p class=\"has-medium-font-size\">F\u00fcr eine Strickerei eigne ich mich auch nicht, daf\u00fcr bin ich zu blass und farblos. Ja, wenn ich aus Lurex best\u00fcnde, dann k\u00f6nnte ich eine Stola verzieren. <\/p>\n\n\n\n<p class=\"has-medium-font-size\">Aber so? Es reicht nicht. Zu nichts bin ich n\u00fctze &#8211; wohl ein Versager. Niemand braucht mich.  Niemand mag mich.<\/p>\n\n\n\n<p class=\"has-medium-font-size\">So sprach der Baumwollfaden und f\u00fchlte sich ganz down. <\/p>\n\n\n\n<p class=\"has-medium-font-size\">Da klopfte der Herr <strong>&#8220;Wachs&#8221;<\/strong> an seine T\u00fcre. &#8220;Ich weiss was. Ich habe eine Idee: Wir beide tun uns zusammen. F\u00fcr eine lange Osterkerze bist du als  Docht zu kurz, und ich habe daf\u00fcr nicht genug Wachs. <\/p>\n\n\n\n<p class=\"has-medium-font-size\">Aber f\u00fcr ein Teelicht reicht es allemal.Wir beide zusammen werden eine kleine Kerze&#8221;. Der Baumwollfaden freute sich&#8230;. und dachte: <\/p>\n\n\n\n<p style=\"font-size:20px\"><strong>Vielleicht gibt es noch mehr solche  Baumwollf\u00e4den.<\/strong>                  Quelle unbekannt<\/p>\n\n\n\n<p><\/p>\n\n\n\n<p><\/p>\n\n\n\n<p><\/p>\n\n\n\n<p><\/p>\n\n\n\n<div class=\"wp-block-columns alignwide is-layout-flex wp-container-core-columns-is-layout-829b1d53 wp-block-columns-is-layout-flex\" style=\"margin-bottom:0\">\n<div class=\"wp-block-column has-text-color has-background has-link-color wp-elements-7af99c8acfc1b9efaaad63d62d933f44 is-layout-flow wp-block-column-is-layout-flow\" style=\"color:#000000;background-color:#ffe97d;padding-top:2em;padding-right:2em;padding-bottom:2em;padding-left:2em\">\n<h2 class=\"wp-block-heading\" id=\"single\" style=\"font-size:40px\"><strong>versuchen wir, eine neue Bescheidenheit zu praktizieren<\/strong><\/h2>\n\n\n\n<p class=\"has-normal-font-size\" style=\"line-height:1.5\"><strong>sich wieder mehr Zeit und Interesse f\u00fcr die Mitmenschen, Kultur, Kunst oder musische Werke zu g\u00f6nnen, vielleicht auch den Versuch wagen, die eigenen, vielleicht noch verborgene F\u00e4higkeiten mit&nbsp; Malen, Musizieren, Sport, Fitnesstraining zu entdecken oder zu aktivieren. Auch die Freude an kleinen Dingen im Alltag kann die geistige, k\u00f6rperliche, psychische und soziale Balance wieder herstellen.&nbsp;<\/strong><\/p>\n\n\n\n<hr class=\"wp-block-separator has-text-color has-css-opacity has-background is-style-wide\" style=\"background-color:#000000;color:#000000\"\/>\n\n\n\n<ul class=\"wp-block-list has-normal-font-size\">\n<li><\/li>\n<\/ul>\n\n\n\n<div class=\"wp-block-buttons alignfull is-horizontal is-content-justification-center is-layout-flex wp-container-core-buttons-is-layout-499968f5 wp-block-buttons-is-layout-flex\"><\/div>\n<\/div>\n\n\n\n<div class=\"wp-block-column has-text-color has-background has-link-color wp-elements-a9a6023d35f807d06c8d17295a1154cc is-layout-flow wp-block-column-is-layout-flow\" style=\"color:#000000;background-color:#c0ebf1;padding-top:2em;padding-right:2em;padding-bottom:2em;padding-left:2em\">\n<h2 class=\"wp-block-heading\" id=\"patron\" style=\"font-size:40px\"><strong>Wunder der Natur<\/strong><\/h2>\n\n\n\n<p class=\"has-normal-font-size\"><strong><strong>Zum \u201eWunder der Natur\u201c<\/strong> geh\u00f6rt auch ein <strong>\u201cWerden\u201c <\/strong>und <strong>\u201eVergehen\u201c.<\/strong> Dieses erlebte ich bei meinen Eltern, welche ich am Ende ihres erf\u00fcllten Lebens begleiten durfte. Im Fr\u00fchjahr 2014 bat mich ein fr\u00fcherer Segelfreund, der in der Zwischenzeit&nbsp; Alleinstehend war, ihn in seiner letzten Lebensphase beim Abschiednehmen zu begleiten. <br>Auch dieses Ereignis hat mir in dem halben Jahr 2015 sehr viel Kraft geschenkt und mich mit einer&nbsp; positiven Lebenserfahrung reicher gemacht, danke.<\/strong><\/p>\n\n\n\n<hr class=\"wp-block-separator has-css-opacity is-style-wide\"\/>\n\n\n\n<div class=\"wp-block-buttons alignfull is-horizontal is-content-justification-center is-layout-flex wp-container-core-buttons-is-layout-499968f5 wp-block-buttons-is-layout-flex\"><\/div>\n<\/div>\n<\/div>\n\n\n\n<p><\/p>\n\n\n\n<hr class=\"wp-block-separator has-alpha-channel-opacity\"\/>\n\n\n\n<div class=\"wp-block-media-text alignwide has-media-on-the-right is-stacked-on-mobile is-vertically-aligned-center has-background\" style=\"background-color:#f1f5c7;grid-template-columns:auto 29%\"><div class=\"wp-block-media-text__content\">\n<div class=\"wp-block-group\" style=\"padding-top:2em;padding-right:2em;padding-bottom:2em;padding-left:2em\"><div class=\"wp-block-group__inner-container is-layout-flow wp-block-group-is-layout-flow\">\n<p style=\"font-size:36px;line-height:1.2\"><strong><strong>Transpersonale Psychotherapie<\/strong><\/strong><\/p>\n\n\n\n<p style=\"font-size:18px\">Neue Wege in der Psychotherapie &#8211; Transpersonale Ans\u00e4tze, Methoden und Ziele in der therapeutischen Praxis. <sup>1. Ausgabe 1988. Herausgegeben von <strong>Seymour Boorstein, <\/strong>ein O.W.Barth Buch im <strong>Scherz Verlag, <\/strong>Bern, M\u00fcnchen, Wien. <strong>ISBN  <\/strong>3-502-67081-1<\/sup><\/p>\n\n\n\n<p class=\"has-extra-small-font-size\">Dieses erste Kompendium transpersonaler Therapieformen macht deutlich, dass Transpersonale Psychotherapie <strong>nicht<\/strong> eine fest umrissene Methode ist, sondern eine Neuorientierung herk\u00f6mmlicher Methoden und einem umfassenderen Menschenbild.<\/p>\n<\/div><\/div>\n<\/div><figure class=\"wp-block-media-text__media\"><img loading=\"lazy\" decoding=\"async\" width=\"1000\" height=\"609\" src=\"https:\/\/www.logotherapie-bodensee.ch\/wp-content\/uploads\/2023\/02\/book.png\" alt=\"\" class=\"wp-image-122 size-full\" srcset=\"https:\/\/www.logotherapie-bodensee.ch\/wp-content\/uploads\/2023\/02\/book.png 1000w, https:\/\/www.logotherapie-bodensee.ch\/wp-content\/uploads\/2023\/02\/book-300x183.png 300w, https:\/\/www.logotherapie-bodensee.ch\/wp-content\/uploads\/2023\/02\/book-768x468.png 768w\" sizes=\"auto, (max-width: 1000px) 100vw, 1000px\" \/><\/figure><\/div>\n\n\n\n<p class=\"has-medium-font-size\"><\/p>\n\n\n\n<p class=\"has-medium-font-size\"><\/p>\n\n\n\n<p><\/p>\n\n\n\n<p><\/p>\n\n\n\n<p><\/p>\n\n\n\n<div class=\"wp-block-buttons is-content-justification-center is-layout-flex wp-container-core-buttons-is-layout-16018d1d wp-block-buttons-is-layout-flex\"><\/div>\n\n\n\n<figure class=\"wp-block-embed is-type-wp-embed is-provider-logotherapie-bodensee-ch wp-block-embed-logotherapie-bodensee-ch\"><div class=\"wp-block-embed__wrapper\">\n<blockquote class=\"wp-embedded-content\" data-secret=\"zb9GxpzNnJ\"><a href=\"https:\/\/www.logotherapie-bodensee.ch\/?page_id=48\">Pers\u00f6nliche Daten<\/a><\/blockquote><iframe loading=\"lazy\" class=\"wp-embedded-content\" sandbox=\"allow-scripts\" security=\"restricted\" style=\"position: absolute; visibility: hidden;\" title=\"&#171;Pers\u00f6nliche Daten&#187; &#8212; Logotherapie-Bodensee.ch\" src=\"https:\/\/www.logotherapie-bodensee.ch\/?page_id=48&#038;embed=true#?secret=T85Gi9BQMA#?secret=zb9GxpzNnJ\" data-secret=\"zb9GxpzNnJ\" width=\"600\" height=\"338\" frameborder=\"0\" marginwidth=\"0\" marginheight=\"0\" scrolling=\"no\"><\/iframe>\n<\/div><\/figure>\n\n\n\n\n\n<p class=\"has-text-align-center has-large-font-size\"><a href=\"#neve_body\"><strong>Nach oben<\/strong><\/a><\/p>\n\n\n\n<p><\/p>\n","protected":false},"excerpt":{"rendered":"<p>Kleine Schritte f\u00fcr das pers\u00f6nliche Gleichgewicht sind&nbsp; zum Beispiel: Als Einzelkind konnte ich im R\u00fcckblick eine kindgerechte Erziehung erfahren. Meine Eltern waren f\u00fcr mich positiv gestimmte Vorbilder nach dem 2. Weltkrieg. &#8211; Nach der Schule mussten zuerst die Aufgaben erledigt werden. &#8211; Dann konnte ich mit Freunden eigenst\u00e4ndig die M\u00f6glichkeiten wie Freir\u00e4ume und F\u00e4higkeiten bis&hellip;&nbsp;<a href=\"https:\/\/www.logotherapie-bodensee.ch\/?page_id=78\" class=\"\" rel=\"bookmark\">Weiterlesen &raquo;<span class=\"screen-reader-text\">Schritte f\u00fcr das pers\u00f6nliche Gleichgewicht<\/span><\/a><\/p>\n","protected":false},"author":1,"featured_media":0,"parent":210,"menu_order":0,"comment_status":"closed","ping_status":"closed","template":"","meta":{"neve_meta_sidebar":"","neve_meta_container":"","neve_meta_enable_content_width":"","neve_meta_content_width":0,"neve_meta_title_alignment":"","neve_meta_author_avatar":"","neve_post_elements_order":"","neve_meta_disable_header":"","neve_meta_disable_footer":"","neve_meta_disable_title":"","footnotes":"[]"},"class_list":["post-78","page","type-page","status-publish","hentry"],"_links":{"self":[{"href":"https:\/\/www.logotherapie-bodensee.ch\/index.php?rest_route=\/wp\/v2\/pages\/78","targetHints":{"allow":["GET"]}}],"collection":[{"href":"https:\/\/www.logotherapie-bodensee.ch\/index.php?rest_route=\/wp\/v2\/pages"}],"about":[{"href":"https:\/\/www.logotherapie-bodensee.ch\/index.php?rest_route=\/wp\/v2\/types\/page"}],"author":[{"embeddable":true,"href":"https:\/\/www.logotherapie-bodensee.ch\/index.php?rest_route=\/wp\/v2\/users\/1"}],"replies":[{"embeddable":true,"href":"https:\/\/www.logotherapie-bodensee.ch\/index.php?rest_route=%2Fwp%2Fv2%2Fcomments&post=78"}],"version-history":[{"count":40,"href":"https:\/\/www.logotherapie-bodensee.ch\/index.php?rest_route=\/wp\/v2\/pages\/78\/revisions"}],"predecessor-version":[{"id":1555,"href":"https:\/\/www.logotherapie-bodensee.ch\/index.php?rest_route=\/wp\/v2\/pages\/78\/revisions\/1555"}],"up":[{"embeddable":true,"href":"https:\/\/www.logotherapie-bodensee.ch\/index.php?rest_route=\/wp\/v2\/pages\/210"}],"wp:attachment":[{"href":"https:\/\/www.logotherapie-bodensee.ch\/index.php?rest_route=%2Fwp%2Fv2%2Fmedia&parent=78"}],"curies":[{"name":"wp","href":"https:\/\/api.w.org\/{rel}","templated":true}]}}